{"id":151135,"date":"2026-03-13T19:42:42","date_gmt":"2026-03-13T18:42:42","guid":{"rendered":"https:\/\/www.audacieuse-galerie.ch\/produit\/gerader-geschnittener-cremefarbener-strickmantel-mit-reverskragen-und-patchtaschen\/"},"modified":"2026-03-13T19:42:42","modified_gmt":"2026-03-13T18:42:42","slug":"gerader-geschnittener-cremefarbener-strickmantel-mit-reverskragen-und-patchtaschen","status":"publish","type":"product","link":"https:\/\/www.audacieuse-galerie.ch\/de\/produit\/gerader-geschnittener-cremefarbener-strickmantel-mit-reverskragen-und-patchtaschen\/","title":{"rendered":"Gerader geschnittener cremefarbener Strickmantel mit Reverskragen und Patchtaschen"},"content":{"rendered":"<p><strong>\u00dcBERGROSSER VISKOSE-STRICKMANTEL F\u00dcR DAMEN<\/strong><\/p>\n<p>Dieser cremefarbene lange Strickmantel verk\u00f6rpert die perfekte Balance zwischen zeitgen\u00f6ssischer Eleganz und Alltagskomfort. Sein breiter, gerader Schnitt umh\u00fcllt die Silhouette mit Fl\u00fcssigkeit. Au\u00dferdem sorgt das weiche Viskose-Mesh f\u00fcr ein weiches und leichtes Gef\u00fchl auf der Haut.  <\/p>\n<p>Der strukturierte Reverskragen verleiht einen eleganten Look, w\u00e4hrend die aufgepassten Taschen die Praktikabilit\u00e4t des Stils betonen. Daher passt dieser Mantel sowohl zu einem Stadtoutfit als auch zu einem l\u00e4ssigeren Stil. <\/p>\n<p><strong>EIN WEICHES UND FLIESSENDES STRICKWERK<\/strong><\/p>\n<p>Viskose bietet eine besonders angenehme Textur. Es sorgt f\u00fcr eine gute Passform und sorgt gleichzeitig f\u00fcr gro\u00dfe Bewegungsfreiheit. Au\u00dferdem verst\u00e4rkt das Fehlen eines Futters die Leichtigkeit des Kleidungsst\u00fccks und betont den nat\u00fcrlichen Fall des Stricks.  <\/p>\n<p>Dieser Viskose-Strickmantel wird somit zum idealen Kleidungsst\u00fcck zur Saisonmitte oder zum eleganten Schichten.<\/p>\n<p>EIN FEMININER MANTEL MIT L\u00c4SSIGEM STIL<\/p>\n<p>Dank seines \u00fcbergro\u00dfen Volumens und der klaren Linien passt dieser Mantel problemlos in einen modernen Kleiderschrank. Es passt perfekt zu flie\u00dfenden Hosen, einem leichten Kleid oder Jeans. So entsteht eine nat\u00fcrliche und zeitgen\u00f6ssische Silhouette.  <\/p>\n<p><strong>MERKMALE<\/strong><br \/>\nTyp: langer gestrickter<br \/>\nMantel Passform: gerade<br \/>\nMaterial: Viskose<br \/>\nKragen: Reverskragen<br \/>\nTaschen<br \/>\n: Patchtaschen Futter: ungef\u00fcttert<br \/>\nStil: l\u00e4ssig und elegant<br \/>\nReinigung: zarte Handw\u00e4sche oder chemische Reinigung empfohlen<\/p>\n<p>Hergestellt in <strong>Spanien<\/strong><\/p>\n<p>&nbsp;<\/p>\n","protected":false},"excerpt":{"rendered":"<p>Langer Mantel aus cremefarbenem Viskose-Strick, f\u00fcr Frauen, mit geradem Schnitt und \u00fcbersized Stil. Sein Reverskragen und die aufgesetzten Taschen bilden die Silhouette und bewahren dabei eine l\u00e4ssige Stimmung. Das weiche Strick bietet bemerkenswerten Komfort im Alltag.  <\/p>\n","protected":false},"featured_media":151137,"comment_status":"open","ping_status":"closed","template":"","meta":{"_glsr_average":0,"_glsr_ranking":0,"_glsr_reviews":0,"jetpack_publicize_message":"","jetpack_publicize_feature_enabled":true,"jetpack_social_post_already_shared":true,"jetpack_social_options":{"image_generator_settings":{"template":"highway","default_image_id":0,"font":"","enabled":false},"version":2}},"product_brand":[],"product_cat":[102,210,72],"product_tag":[],"class_list":{"0":"post-151135","1":"product","2":"type-product","3":"status-publish","4":"has-post-thumbnail","6":"product_cat-im-schaufenster-in-carouge-gesehen","7":"product_cat-jacken-und-maentel","8":"product_cat-pret-a-porter-frau","9":"pa_color-creme-de","10":"pa_taille-38_m-de","11":"pa_taille-42_l-de","12":"pa_taille-46_xl-de","14":"first","15":"instock","16":"taxable","17":"shipping-taxable","18":"purchasable","19":"product-type-variable","20":"has-default-attributes"},"yoast_head":"<!-- This site is optimized with the Yoast SEO plugin v27.5 - https:\/\/yoast.com\/product\/yoast-seo-wordpress\/ -->\n<title>Gerader geschnittener cremefarbener Strickmantel mit Reverskragen<\/title>\n<meta name=\"description\" content=\"\u00dcbergro\u00dfer Viskose-Strickmantel f\u00fcr Frauen mit Reverskragen und aufgepassten Taschen. Ein bequemes und stilvolles St\u00fcck f\u00fcr einen l\u00e4ssigen Stil.\" \/>\n<meta name=\"robots\" content=\"index, follow, max-snippet:-1, max-image-preview:large, max-video-preview:-1\" \/>\n<link rel=\"canonical\" href=\"https:\/\/www.audacieuse-galerie.ch\/de\/produit\/gerader-geschnittener-cremefarbener-strickmantel-mit-reverskragen-und-patchtaschen\/\" \/>\n<meta property=\"og:locale\" content=\"de_DE\" \/>\n<meta property=\"og:type\" content=\"article\" \/>\n<meta property=\"og:title\" content=\"Gerader geschnittener cremefarbener Strickmantel mit Reverskragen\" \/>\n<meta property=\"og:description\" content=\"\u00dcbergro\u00dfer Viskose-Strickmantel f\u00fcr Frauen mit Reverskragen und aufgepassten Taschen. Ein bequemes und stilvolles St\u00fcck f\u00fcr einen l\u00e4ssigen Stil.\" \/>\n<meta property=\"og:url\" content=\"https:\/\/www.audacieuse-galerie.ch\/de\/produit\/gerader-geschnittener-cremefarbener-strickmantel-mit-reverskragen-und-patchtaschen\/\" \/>\n<meta property=\"og:site_name\" content=\"Audacieuse-Galerie\" \/>\n<meta property=\"article:publisher\" content=\"https:\/\/www.facebook.com\/audacieuse.galerie\" \/>\n<meta property=\"og:image\" content=\"https:\/\/www.audacieuse-galerie.ch\/wp-content\/uploads\/2026\/03\/6445638-47f22e8d67763f.webp\" \/>\n\t<meta property=\"og:image:width\" content=\"416\" \/>\n\t<meta property=\"og:image:height\" content=\"625\" \/>\n\t<meta property=\"og:image:type\" content=\"image\/webp\" \/>\n<meta name=\"twitter:card\" content=\"summary_large_image\" \/>\n<meta name=\"twitter:label1\" content=\"Gesch\u00e4tzte Lesezeit\" \/>\n\t<meta name=\"twitter:data1\" content=\"1 Minute\" \/>\n<script type=\"application\/ld+json\" class=\"yoast-schema-graph\">{\"@context\":\"https:\\\/\\\/schema.org\",\"@graph\":[{\"@type\":\"WebPage\",\"@id\":\"https:\\\/\\\/www.audacieuse-galerie.ch\\\/de\\\/produit\\\/gerader-geschnittener-cremefarbener-strickmantel-mit-reverskragen-und-patchtaschen\\\/\",\"url\":\"https:\\\/\\\/www.audacieuse-galerie.ch\\\/de\\\/produit\\\/gerader-geschnittener-cremefarbener-strickmantel-mit-reverskragen-und-patchtaschen\\\/\",\"name\":\"Gerader geschnittener cremefarbener Strickmantel mit Reverskragen\",\"isPartOf\":{\"@id\":\"https:\\\/\\\/www.audacieuse-galerie.ch\\\/de\\\/#website\"},\"primaryImageOfPage\":{\"@id\":\"https:\\\/\\\/www.audacieuse-galerie.ch\\\/de\\\/produit\\\/gerader-geschnittener-cremefarbener-strickmantel-mit-reverskragen-und-patchtaschen\\\/#primaryimage\"},\"image\":{\"@id\":\"https:\\\/\\\/www.audacieuse-galerie.ch\\\/de\\\/produit\\\/gerader-geschnittener-cremefarbener-strickmantel-mit-reverskragen-und-patchtaschen\\\/#primaryimage\"},\"thumbnailUrl\":\"https:\\\/\\\/www.audacieuse-galerie.ch\\\/wp-content\\\/uploads\\\/2026\\\/03\\\/6445638-47f22e8d67763f.webp\",\"datePublished\":\"2026-03-13T18:42:42+00:00\",\"description\":\"\u00dcbergro\u00dfer Viskose-Strickmantel f\u00fcr Frauen mit Reverskragen und aufgepassten Taschen. Ein bequemes und stilvolles St\u00fcck f\u00fcr einen l\u00e4ssigen Stil.\",\"breadcrumb\":{\"@id\":\"https:\\\/\\\/www.audacieuse-galerie.ch\\\/de\\\/produit\\\/gerader-geschnittener-cremefarbener-strickmantel-mit-reverskragen-und-patchtaschen\\\/#breadcrumb\"},\"inLanguage\":\"de\",\"potentialAction\":[{\"@type\":\"ReadAction\",\"target\":[\"https:\\\/\\\/www.audacieuse-galerie.ch\\\/de\\\/produit\\\/gerader-geschnittener-cremefarbener-strickmantel-mit-reverskragen-und-patchtaschen\\\/\"]}]},{\"@type\":\"ImageObject\",\"inLanguage\":\"de\",\"@id\":\"https:\\\/\\\/www.audacieuse-galerie.ch\\\/de\\\/produit\\\/gerader-geschnittener-cremefarbener-strickmantel-mit-reverskragen-und-patchtaschen\\\/#primaryimage\",\"url\":\"https:\\\/\\\/www.audacieuse-galerie.ch\\\/wp-content\\\/uploads\\\/2026\\\/03\\\/6445638-47f22e8d67763f.webp\",\"contentUrl\":\"https:\\\/\\\/www.audacieuse-galerie.ch\\\/wp-content\\\/uploads\\\/2026\\\/03\\\/6445638-47f22e8d67763f.webp\",\"width\":416,\"height\":625,\"caption\":\"Langer cremefarbener Strickmantel\"},{\"@type\":\"BreadcrumbList\",\"@id\":\"https:\\\/\\\/www.audacieuse-galerie.ch\\\/de\\\/produit\\\/gerader-geschnittener-cremefarbener-strickmantel-mit-reverskragen-und-patchtaschen\\\/#breadcrumb\",\"itemListElement\":[{\"@type\":\"ListItem\",\"position\":1,\"name\":\"Heim\",\"item\":\"https:\\\/\\\/www.audacieuse-galerie.ch\\\/de\\\/\"},{\"@type\":\"ListItem\",\"position\":2,\"name\":\"Laden\",\"item\":\"https:\\\/\\\/www.audacieuse-galerie.ch\\\/de\\\/laden\\\/\"},{\"@type\":\"ListItem\",\"position\":3,\"name\":\"Gerader geschnittener cremefarbener Strickmantel mit Reverskragen und Patchtaschen\"}]},{\"@type\":\"WebSite\",\"@id\":\"https:\\\/\\\/www.audacieuse-galerie.ch\\\/de\\\/#website\",\"url\":\"https:\\\/\\\/www.audacieuse-galerie.ch\\\/de\\\/\",\"name\":\"Audacieuse-Galerie\",\"description\":\"Mode et Images\",\"potentialAction\":[{\"@type\":\"SearchAction\",\"target\":{\"@type\":\"EntryPoint\",\"urlTemplate\":\"https:\\\/\\\/www.audacieuse-galerie.ch\\\/de\\\/?s={search_term_string}\"},\"query-input\":{\"@type\":\"PropertyValueSpecification\",\"valueRequired\":true,\"valueName\":\"search_term_string\"}}],\"inLanguage\":\"de\"}]}<\/script>\n<!-- \/ Yoast SEO plugin. -->","yoast_head_json":{"title":"Gerader geschnittener cremefarbener Strickmantel mit Reverskragen","description":"\u00dcbergro\u00dfer Viskose-Strickmantel f\u00fcr Frauen mit Reverskragen und aufgepassten Taschen. Ein bequemes und stilvolles St\u00fcck f\u00fcr einen l\u00e4ssigen Stil.","robots":{"index":"index","follow":"follow","max-snippet":"max-snippet:-1","max-image-preview":"max-image-preview:large","max-video-preview":"max-video-preview:-1"},"canonical":"https:\/\/www.audacieuse-galerie.ch\/de\/produit\/gerader-geschnittener-cremefarbener-strickmantel-mit-reverskragen-und-patchtaschen\/","og_locale":"de_DE","og_type":"article","og_title":"Gerader geschnittener cremefarbener Strickmantel mit Reverskragen","og_description":"\u00dcbergro\u00dfer Viskose-Strickmantel f\u00fcr Frauen mit Reverskragen und aufgepassten Taschen. Ein bequemes und stilvolles St\u00fcck f\u00fcr einen l\u00e4ssigen Stil.","og_url":"https:\/\/www.audacieuse-galerie.ch\/de\/produit\/gerader-geschnittener-cremefarbener-strickmantel-mit-reverskragen-und-patchtaschen\/","og_site_name":"Audacieuse-Galerie","article_publisher":"https:\/\/www.facebook.com\/audacieuse.galerie","og_image":[{"width":416,"height":625,"url":"https:\/\/www.audacieuse-galerie.ch\/wp-content\/uploads\/2026\/03\/6445638-47f22e8d67763f.webp","type":"image\/webp"}],"twitter_card":"summary_large_image","twitter_misc":{"Gesch\u00e4tzte Lesezeit":"1 Minute"},"schema":{"@context":"https:\/\/schema.org","@graph":[{"@type":"WebPage","@id":"https:\/\/www.audacieuse-galerie.ch\/de\/produit\/gerader-geschnittener-cremefarbener-strickmantel-mit-reverskragen-und-patchtaschen\/","url":"https:\/\/www.audacieuse-galerie.ch\/de\/produit\/gerader-geschnittener-cremefarbener-strickmantel-mit-reverskragen-und-patchtaschen\/","name":"Gerader geschnittener cremefarbener Strickmantel mit Reverskragen","isPartOf":{"@id":"https:\/\/www.audacieuse-galerie.ch\/de\/#website"},"primaryImageOfPage":{"@id":"https:\/\/www.audacieuse-galerie.ch\/de\/produit\/gerader-geschnittener-cremefarbener-strickmantel-mit-reverskragen-und-patchtaschen\/#primaryimage"},"image":{"@id":"https:\/\/www.audacieuse-galerie.ch\/de\/produit\/gerader-geschnittener-cremefarbener-strickmantel-mit-reverskragen-und-patchtaschen\/#primaryimage"},"thumbnailUrl":"https:\/\/www.audacieuse-galerie.ch\/wp-content\/uploads\/2026\/03\/6445638-47f22e8d67763f.webp","datePublished":"2026-03-13T18:42:42+00:00","description":"\u00dcbergro\u00dfer Viskose-Strickmantel f\u00fcr Frauen mit Reverskragen und aufgepassten Taschen. Ein bequemes und stilvolles St\u00fcck f\u00fcr einen l\u00e4ssigen Stil.","breadcrumb":{"@id":"https:\/\/www.audacieuse-galerie.ch\/de\/produit\/gerader-geschnittener-cremefarbener-strickmantel-mit-reverskragen-und-patchtaschen\/#breadcrumb"},"inLanguage":"de","potentialAction":[{"@type":"ReadAction","target":["https:\/\/www.audacieuse-galerie.ch\/de\/produit\/gerader-geschnittener-cremefarbener-strickmantel-mit-reverskragen-und-patchtaschen\/"]}]},{"@type":"ImageObject","inLanguage":"de","@id":"https:\/\/www.audacieuse-galerie.ch\/de\/produit\/gerader-geschnittener-cremefarbener-strickmantel-mit-reverskragen-und-patchtaschen\/#primaryimage","url":"https:\/\/www.audacieuse-galerie.ch\/wp-content\/uploads\/2026\/03\/6445638-47f22e8d67763f.webp","contentUrl":"https:\/\/www.audacieuse-galerie.ch\/wp-content\/uploads\/2026\/03\/6445638-47f22e8d67763f.webp","width":416,"height":625,"caption":"Langer cremefarbener Strickmantel"},{"@type":"BreadcrumbList","@id":"https:\/\/www.audacieuse-galerie.ch\/de\/produit\/gerader-geschnittener-cremefarbener-strickmantel-mit-reverskragen-und-patchtaschen\/#breadcrumb","itemListElement":[{"@type":"ListItem","position":1,"name":"Heim","item":"https:\/\/www.audacieuse-galerie.ch\/de\/"},{"@type":"ListItem","position":2,"name":"Laden","item":"https:\/\/www.audacieuse-galerie.ch\/de\/laden\/"},{"@type":"ListItem","position":3,"name":"Gerader geschnittener cremefarbener Strickmantel mit Reverskragen und Patchtaschen"}]},{"@type":"WebSite","@id":"https:\/\/www.audacieuse-galerie.ch\/de\/#website","url":"https:\/\/www.audacieuse-galerie.ch\/de\/","name":"Audacieuse-Galerie","description":"Mode et Images","potentialAction":[{"@type":"SearchAction","target":{"@type":"EntryPoint","urlTemplate":"https:\/\/www.audacieuse-galerie.ch\/de\/?s={search_term_string}"},"query-input":{"@type":"PropertyValueSpecification","valueRequired":true,"valueName":"search_term_string"}}],"inLanguage":"de"}]}},"jetpack_publicize_connections":[],"_links":{"self":[{"href":"https:\/\/www.audacieuse-galerie.ch\/de\/wp-json\/wp\/v2\/product\/151135","targetHints":{"allow":["GET"]}}],"collection":[{"href":"https:\/\/www.audacieuse-galerie.ch\/de\/wp-json\/wp\/v2\/product"}],"about":[{"href":"https:\/\/www.audacieuse-galerie.ch\/de\/wp-json\/wp\/v2\/types\/product"}],"replies":[{"embeddable":true,"href":"https:\/\/www.audacieuse-galerie.ch\/de\/wp-json\/wp\/v2\/comments?post=151135"}],"version-history":[{"count":0,"href":"https:\/\/www.audacieuse-galerie.ch\/de\/wp-json\/wp\/v2\/product\/151135\/revisions"}],"wp:featuredmedia":[{"embeddable":true,"href":"https:\/\/www.audacieuse-galerie.ch\/de\/wp-json\/wp\/v2\/media\/151137"}],"wp:attachment":[{"href":"https:\/\/www.audacieuse-galerie.ch\/de\/wp-json\/wp\/v2\/media?parent=151135"}],"wp:term":[{"taxonomy":"product_brand","embeddable":true,"href":"https:\/\/www.audacieuse-galerie.ch\/de\/wp-json\/wp\/v2\/product_brand?post=151135"},{"taxonomy":"product_cat","embeddable":true,"href":"https:\/\/www.audacieuse-galerie.ch\/de\/wp-json\/wp\/v2\/product_cat?post=151135"},{"taxonomy":"product_tag","embeddable":true,"href":"https:\/\/www.audacieuse-galerie.ch\/de\/wp-json\/wp\/v2\/product_tag?post=151135"}],"curies":[{"name":"wp","href":"https:\/\/api.w.org\/{rel}","templated":true}]}}