{"id":151141,"date":"2026-03-13T20:56:29","date_gmt":"2026-03-13T19:56:29","guid":{"rendered":"https:\/\/www.audacieuse-galerie.ch\/produit\/hemdkleid-mit-geflochtenem-guertel-langen-aermeln-und-aufgesetzten-taschen-2\/"},"modified":"2026-03-14T15:21:10","modified_gmt":"2026-03-14T14:21:10","slug":"hemdkleid-mit-geflochtenem-guertel-langen-aermeln-und-aufgesetzten-taschen-2","status":"publish","type":"product","link":"https:\/\/www.audacieuse-galerie.ch\/de\/produit\/hemdkleid-mit-geflochtenem-guertel-langen-aermeln-und-aufgesetzten-taschen-2\/","title":{"rendered":"Hemdkleid mit geflochtenem G\u00fcrtel, langen \u00c4rmeln und aufgesetzten Taschen"},"content":{"rendered":"<h2>Hemdkleid mit kontrastierendem G\u00fcrtel<\/h2>\n<p>Dieses <strong>Hemdkleid <\/strong> beeindruckt durch seine Balance zwischen moderner Eleganz und l\u00e4ssigem Look. Die von Hemden inspirierte Linie erzeugt eine flie\u00dfende und strukturierte Silhouette. Au\u00dferdem betont der <strong>kontrastierende G\u00fcrtel<\/strong> die Taille zart und verleiht dem Modell eine grafische Note.  <\/p>\n<p><strong>Die langen \u00c4rmel unterstreichen<\/strong> die Eleganz des Kleidungsst\u00fccks. Dar\u00fcber hinaus <strong>verleihen die aufgesetzten Taschen<\/strong> eine funktionale Note und tragen zum zeitgen\u00f6ssischen Stil des Kleides bei. <\/p>\n<h2>Ein flie\u00dfendes und leicht zu tragendes Kleid<\/h2>\n<p>Aus <strong>Polyester<\/strong> gefertigt, bietet dieses Hemdkleid ein leichtes und bequemes Material. Sie h\u00e4lt den ganzen Tag \u00fcber einen guten Halt. Daher begleitet es sowohl ein professionelles Outfit als auch einen legeren Stil.  <\/p>\n<p>Dank seines ausgewogenen Schnitts l\u00e4sst sich dieses <strong>Hemdkleid mit G\u00fcrtel<\/strong> problemlos mit Stiefeschuhen, Pumps oder Turnschuhen kombinieren, um einen l\u00e4ssigeren Look zu erzielen.<\/p>\n<h2>Eine weibliche und zeitgen\u00f6ssische Silhouette<\/h2>\n<p>Der kontrastierende G\u00fcrtel strukturiert das Kleid und betont die Silhouette. Gleichzeitig verleiht der vom Hemd inspirierte Schnitt dem Raum eine zeitlose Note. So wird dieses Kleid zu einem unverzichtbaren Bestandteil der modernen Damengarderobe.  <\/p>\n<h2>Merkmale<\/h2>\n<ul>\n<li><strong>Typ:<\/strong> Hemdkleid<\/li>\n<li><strong>\u00c4rmel: lange \u00c4rmel<\/strong><\/li>\n<li><strong>Details:<\/strong> Leicht verstellbarer geflochtener Kunstlederg\u00fcrtel<\/li>\n<li><strong>Taschen:<\/strong> Patch-Taschen<\/li>\n<li><strong>Material:<\/strong> 100 % Polyester<\/li>\n<li><strong>Stil:<\/strong> Elegant und l\u00e4ssig<\/li>\n<\/ul>\n","protected":false},"excerpt":{"rendered":"<p>Elegantes Damenhemdkleid mit kontrastierendem G\u00fcrtel. Seine langen \u00c4rmel und aufgeschnittenen Taschen bilden die Silhouette und bewahren dabei einen modernen und leicht zu tragenden Stil. <\/p>\n","protected":false},"featured_media":151143,"comment_status":"open","ping_status":"closed","template":"","meta":{"_glsr_average":0,"_glsr_ranking":0,"_glsr_reviews":0,"jetpack_publicize_message":"","jetpack_publicize_feature_enabled":true,"jetpack_social_post_already_shared":true,"jetpack_social_options":{"image_generator_settings":{"template":"highway","default_image_id":0,"font":"","enabled":false},"version":2}},"product_brand":[],"product_cat":[198,72],"product_tag":[],"class_list":{"0":"post-151141","1":"product","2":"type-product","3":"status-publish","4":"has-post-thumbnail","6":"product_cat-kleider-kurz-oder-lang-von-kreatoren","7":"product_cat-pret-a-porter-frau","8":"pa_color-marineblau-de","9":"pa_taille-36_s-de","10":"pa_taille-38_m-de","11":"pa_taille-42_l-de","13":"first","14":"instock","15":"taxable","16":"shipping-taxable","17":"purchasable","18":"product-type-variable"},"yoast_head":"<!-- This site is optimized with the Yoast SEO plugin v27.5 - https:\/\/yoast.com\/product\/yoast-seo-wordpress\/ -->\n<title>Damenhemdkleid mit geflochtenem G\u00fcrtel, \u00c4rmeln und Taschen<\/title>\n<meta name=\"description\" content=\"Damenhemdkleid mit kontrastierendem G\u00fcrtel, langen \u00c4rmeln und aufgesetzten Taschen. Ein elegantes und modernes Kleid, das jeden Tag leicht zu tragen ist.\" \/>\n<meta name=\"robots\" content=\"index, follow, max-snippet:-1, max-image-preview:large, max-video-preview:-1\" \/>\n<link rel=\"canonical\" href=\"https:\/\/www.audacieuse-galerie.ch\/de\/produit\/hemdkleid-mit-geflochtenem-guertel-langen-aermeln-und-aufgesetzten-taschen-2\/\" \/>\n<meta property=\"og:locale\" content=\"de_DE\" \/>\n<meta property=\"og:type\" content=\"article\" \/>\n<meta property=\"og:title\" content=\"Damenhemdkleid mit geflochtenem G\u00fcrtel, \u00c4rmeln und Taschen\" \/>\n<meta property=\"og:description\" content=\"Damenhemdkleid mit kontrastierendem G\u00fcrtel, langen \u00c4rmeln und aufgesetzten Taschen. Ein elegantes und modernes Kleid, das jeden Tag leicht zu tragen ist.\" \/>\n<meta property=\"og:url\" content=\"https:\/\/www.audacieuse-galerie.ch\/de\/produit\/hemdkleid-mit-geflochtenem-guertel-langen-aermeln-und-aufgesetzten-taschen-2\/\" \/>\n<meta property=\"og:site_name\" content=\"Audacieuse-Galerie\" \/>\n<meta property=\"article:publisher\" content=\"https:\/\/www.facebook.com\/audacieuse.galerie\" \/>\n<meta property=\"article:modified_time\" content=\"2026-03-14T14:21:10+00:00\" \/>\n<meta property=\"og:image\" content=\"https:\/\/www.audacieuse-galerie.ch\/wp-content\/uploads\/2026\/03\/robe-chemisier-marine-bleu-viscose.webp\" \/>\n\t<meta property=\"og:image:width\" content=\"500\" \/>\n\t<meta property=\"og:image:height\" content=\"750\" \/>\n\t<meta property=\"og:image:type\" content=\"image\/webp\" \/>\n<meta name=\"twitter:card\" content=\"summary_large_image\" \/>\n<meta name=\"twitter:label1\" content=\"Gesch\u00e4tzte Lesezeit\" \/>\n\t<meta name=\"twitter:data1\" content=\"1 Minute\" \/>\n<script type=\"application\/ld+json\" class=\"yoast-schema-graph\">{\"@context\":\"https:\\\/\\\/schema.org\",\"@graph\":[{\"@type\":\"WebPage\",\"@id\":\"https:\\\/\\\/www.audacieuse-galerie.ch\\\/de\\\/produit\\\/hemdkleid-mit-geflochtenem-guertel-langen-aermeln-und-aufgesetzten-taschen-2\\\/\",\"url\":\"https:\\\/\\\/www.audacieuse-galerie.ch\\\/de\\\/produit\\\/hemdkleid-mit-geflochtenem-guertel-langen-aermeln-und-aufgesetzten-taschen-2\\\/\",\"name\":\"Damenhemdkleid mit geflochtenem G\u00fcrtel, \u00c4rmeln und Taschen\",\"isPartOf\":{\"@id\":\"https:\\\/\\\/www.audacieuse-galerie.ch\\\/de\\\/#website\"},\"primaryImageOfPage\":{\"@id\":\"https:\\\/\\\/www.audacieuse-galerie.ch\\\/de\\\/produit\\\/hemdkleid-mit-geflochtenem-guertel-langen-aermeln-und-aufgesetzten-taschen-2\\\/#primaryimage\"},\"image\":{\"@id\":\"https:\\\/\\\/www.audacieuse-galerie.ch\\\/de\\\/produit\\\/hemdkleid-mit-geflochtenem-guertel-langen-aermeln-und-aufgesetzten-taschen-2\\\/#primaryimage\"},\"thumbnailUrl\":\"https:\\\/\\\/www.audacieuse-galerie.ch\\\/wp-content\\\/uploads\\\/2026\\\/03\\\/robe-chemisier-marine-bleu-viscose.webp\",\"datePublished\":\"2026-03-13T19:56:29+00:00\",\"dateModified\":\"2026-03-14T14:21:10+00:00\",\"description\":\"Damenhemdkleid mit kontrastierendem G\u00fcrtel, langen \u00c4rmeln und aufgesetzten Taschen. Ein elegantes und modernes Kleid, das jeden Tag leicht zu tragen ist.\",\"breadcrumb\":{\"@id\":\"https:\\\/\\\/www.audacieuse-galerie.ch\\\/de\\\/produit\\\/hemdkleid-mit-geflochtenem-guertel-langen-aermeln-und-aufgesetzten-taschen-2\\\/#breadcrumb\"},\"inLanguage\":\"de\",\"potentialAction\":[{\"@type\":\"ReadAction\",\"target\":[\"https:\\\/\\\/www.audacieuse-galerie.ch\\\/de\\\/produit\\\/hemdkleid-mit-geflochtenem-guertel-langen-aermeln-und-aufgesetzten-taschen-2\\\/\"]}]},{\"@type\":\"ImageObject\",\"inLanguage\":\"de\",\"@id\":\"https:\\\/\\\/www.audacieuse-galerie.ch\\\/de\\\/produit\\\/hemdkleid-mit-geflochtenem-guertel-langen-aermeln-und-aufgesetzten-taschen-2\\\/#primaryimage\",\"url\":\"https:\\\/\\\/www.audacieuse-galerie.ch\\\/wp-content\\\/uploads\\\/2026\\\/03\\\/robe-chemisier-marine-bleu-viscose.webp\",\"contentUrl\":\"https:\\\/\\\/www.audacieuse-galerie.ch\\\/wp-content\\\/uploads\\\/2026\\\/03\\\/robe-chemisier-marine-bleu-viscose.webp\",\"width\":500,\"height\":750,\"caption\":\"Marineblaues Hemdkleid mit gefalteten Taschen und geflochtenem G\u00fcrtel\"},{\"@type\":\"BreadcrumbList\",\"@id\":\"https:\\\/\\\/www.audacieuse-galerie.ch\\\/de\\\/produit\\\/hemdkleid-mit-geflochtenem-guertel-langen-aermeln-und-aufgesetzten-taschen-2\\\/#breadcrumb\",\"itemListElement\":[{\"@type\":\"ListItem\",\"position\":1,\"name\":\"Heim\",\"item\":\"https:\\\/\\\/www.audacieuse-galerie.ch\\\/de\\\/\"},{\"@type\":\"ListItem\",\"position\":2,\"name\":\"Laden\",\"item\":\"https:\\\/\\\/www.audacieuse-galerie.ch\\\/de\\\/laden\\\/\"},{\"@type\":\"ListItem\",\"position\":3,\"name\":\"Hemdkleid mit geflochtenem G\u00fcrtel, langen \u00c4rmeln und aufgesetzten Taschen\"}]},{\"@type\":\"WebSite\",\"@id\":\"https:\\\/\\\/www.audacieuse-galerie.ch\\\/de\\\/#website\",\"url\":\"https:\\\/\\\/www.audacieuse-galerie.ch\\\/de\\\/\",\"name\":\"Audacieuse-Galerie\",\"description\":\"Mode et Images\",\"potentialAction\":[{\"@type\":\"SearchAction\",\"target\":{\"@type\":\"EntryPoint\",\"urlTemplate\":\"https:\\\/\\\/www.audacieuse-galerie.ch\\\/de\\\/?s={search_term_string}\"},\"query-input\":{\"@type\":\"PropertyValueSpecification\",\"valueRequired\":true,\"valueName\":\"search_term_string\"}}],\"inLanguage\":\"de\"}]}<\/script>\n<!-- \/ Yoast SEO plugin. -->","yoast_head_json":{"title":"Damenhemdkleid mit geflochtenem G\u00fcrtel, \u00c4rmeln und Taschen","description":"Damenhemdkleid mit kontrastierendem G\u00fcrtel, langen \u00c4rmeln und aufgesetzten Taschen. Ein elegantes und modernes Kleid, das jeden Tag leicht zu tragen ist.","robots":{"index":"index","follow":"follow","max-snippet":"max-snippet:-1","max-image-preview":"max-image-preview:large","max-video-preview":"max-video-preview:-1"},"canonical":"https:\/\/www.audacieuse-galerie.ch\/de\/produit\/hemdkleid-mit-geflochtenem-guertel-langen-aermeln-und-aufgesetzten-taschen-2\/","og_locale":"de_DE","og_type":"article","og_title":"Damenhemdkleid mit geflochtenem G\u00fcrtel, \u00c4rmeln und Taschen","og_description":"Damenhemdkleid mit kontrastierendem G\u00fcrtel, langen \u00c4rmeln und aufgesetzten Taschen. Ein elegantes und modernes Kleid, das jeden Tag leicht zu tragen ist.","og_url":"https:\/\/www.audacieuse-galerie.ch\/de\/produit\/hemdkleid-mit-geflochtenem-guertel-langen-aermeln-und-aufgesetzten-taschen-2\/","og_site_name":"Audacieuse-Galerie","article_publisher":"https:\/\/www.facebook.com\/audacieuse.galerie","article_modified_time":"2026-03-14T14:21:10+00:00","og_image":[{"width":500,"height":750,"url":"https:\/\/www.audacieuse-galerie.ch\/wp-content\/uploads\/2026\/03\/robe-chemisier-marine-bleu-viscose.webp","type":"image\/webp"}],"twitter_card":"summary_large_image","twitter_misc":{"Gesch\u00e4tzte Lesezeit":"1 Minute"},"schema":{"@context":"https:\/\/schema.org","@graph":[{"@type":"WebPage","@id":"https:\/\/www.audacieuse-galerie.ch\/de\/produit\/hemdkleid-mit-geflochtenem-guertel-langen-aermeln-und-aufgesetzten-taschen-2\/","url":"https:\/\/www.audacieuse-galerie.ch\/de\/produit\/hemdkleid-mit-geflochtenem-guertel-langen-aermeln-und-aufgesetzten-taschen-2\/","name":"Damenhemdkleid mit geflochtenem G\u00fcrtel, \u00c4rmeln und Taschen","isPartOf":{"@id":"https:\/\/www.audacieuse-galerie.ch\/de\/#website"},"primaryImageOfPage":{"@id":"https:\/\/www.audacieuse-galerie.ch\/de\/produit\/hemdkleid-mit-geflochtenem-guertel-langen-aermeln-und-aufgesetzten-taschen-2\/#primaryimage"},"image":{"@id":"https:\/\/www.audacieuse-galerie.ch\/de\/produit\/hemdkleid-mit-geflochtenem-guertel-langen-aermeln-und-aufgesetzten-taschen-2\/#primaryimage"},"thumbnailUrl":"https:\/\/www.audacieuse-galerie.ch\/wp-content\/uploads\/2026\/03\/robe-chemisier-marine-bleu-viscose.webp","datePublished":"2026-03-13T19:56:29+00:00","dateModified":"2026-03-14T14:21:10+00:00","description":"Damenhemdkleid mit kontrastierendem G\u00fcrtel, langen \u00c4rmeln und aufgesetzten Taschen. Ein elegantes und modernes Kleid, das jeden Tag leicht zu tragen ist.","breadcrumb":{"@id":"https:\/\/www.audacieuse-galerie.ch\/de\/produit\/hemdkleid-mit-geflochtenem-guertel-langen-aermeln-und-aufgesetzten-taschen-2\/#breadcrumb"},"inLanguage":"de","potentialAction":[{"@type":"ReadAction","target":["https:\/\/www.audacieuse-galerie.ch\/de\/produit\/hemdkleid-mit-geflochtenem-guertel-langen-aermeln-und-aufgesetzten-taschen-2\/"]}]},{"@type":"ImageObject","inLanguage":"de","@id":"https:\/\/www.audacieuse-galerie.ch\/de\/produit\/hemdkleid-mit-geflochtenem-guertel-langen-aermeln-und-aufgesetzten-taschen-2\/#primaryimage","url":"https:\/\/www.audacieuse-galerie.ch\/wp-content\/uploads\/2026\/03\/robe-chemisier-marine-bleu-viscose.webp","contentUrl":"https:\/\/www.audacieuse-galerie.ch\/wp-content\/uploads\/2026\/03\/robe-chemisier-marine-bleu-viscose.webp","width":500,"height":750,"caption":"Marineblaues Hemdkleid mit gefalteten Taschen und geflochtenem G\u00fcrtel"},{"@type":"BreadcrumbList","@id":"https:\/\/www.audacieuse-galerie.ch\/de\/produit\/hemdkleid-mit-geflochtenem-guertel-langen-aermeln-und-aufgesetzten-taschen-2\/#breadcrumb","itemListElement":[{"@type":"ListItem","position":1,"name":"Heim","item":"https:\/\/www.audacieuse-galerie.ch\/de\/"},{"@type":"ListItem","position":2,"name":"Laden","item":"https:\/\/www.audacieuse-galerie.ch\/de\/laden\/"},{"@type":"ListItem","position":3,"name":"Hemdkleid mit geflochtenem G\u00fcrtel, langen \u00c4rmeln und aufgesetzten Taschen"}]},{"@type":"WebSite","@id":"https:\/\/www.audacieuse-galerie.ch\/de\/#website","url":"https:\/\/www.audacieuse-galerie.ch\/de\/","name":"Audacieuse-Galerie","description":"Mode et Images","potentialAction":[{"@type":"SearchAction","target":{"@type":"EntryPoint","urlTemplate":"https:\/\/www.audacieuse-galerie.ch\/de\/?s={search_term_string}"},"query-input":{"@type":"PropertyValueSpecification","valueRequired":true,"valueName":"search_term_string"}}],"inLanguage":"de"}]}},"jetpack_publicize_connections":[],"_links":{"self":[{"href":"https:\/\/www.audacieuse-galerie.ch\/de\/wp-json\/wp\/v2\/product\/151141","targetHints":{"allow":["GET"]}}],"collection":[{"href":"https:\/\/www.audacieuse-galerie.ch\/de\/wp-json\/wp\/v2\/product"}],"about":[{"href":"https:\/\/www.audacieuse-galerie.ch\/de\/wp-json\/wp\/v2\/types\/product"}],"replies":[{"embeddable":true,"href":"https:\/\/www.audacieuse-galerie.ch\/de\/wp-json\/wp\/v2\/comments?post=151141"}],"version-history":[{"count":0,"href":"https:\/\/www.audacieuse-galerie.ch\/de\/wp-json\/wp\/v2\/product\/151141\/revisions"}],"wp:featuredmedia":[{"embeddable":true,"href":"https:\/\/www.audacieuse-galerie.ch\/de\/wp-json\/wp\/v2\/media\/151143"}],"wp:attachment":[{"href":"https:\/\/www.audacieuse-galerie.ch\/de\/wp-json\/wp\/v2\/media?parent=151141"}],"wp:term":[{"taxonomy":"product_brand","embeddable":true,"href":"https:\/\/www.audacieuse-galerie.ch\/de\/wp-json\/wp\/v2\/product_brand?post=151141"},{"taxonomy":"product_cat","embeddable":true,"href":"https:\/\/www.audacieuse-galerie.ch\/de\/wp-json\/wp\/v2\/product_cat?post=151141"},{"taxonomy":"product_tag","embeddable":true,"href":"https:\/\/www.audacieuse-galerie.ch\/de\/wp-json\/wp\/v2\/product_tag?post=151141"}],"curies":[{"name":"wp","href":"https:\/\/api.w.org\/{rel}","templated":true}]}}