{"id":17788,"date":"2017-06-19T22:31:56","date_gmt":"2017-06-19T20:31:56","guid":{"rendered":"https:\/\/woo.audacieuse-galerie.ch\/produit\/danaides-2\/"},"modified":"2026-08-13T20:22:42","modified_gmt":"2026-08-13T18:22:42","slug":"danaides-2","status":"publish","type":"product","link":"https:\/\/www.audacieuse-galerie.ch\/de\/produit\/danaides-2\/","title":{"rendered":"Kunstfotografie: Dana\u00efdes"},"content":{"rendered":"<p>Dana\u00efdes, ein limitiertes Werk, behandelt das Thema Neid und Verlangen, wir drucken es auf Fine Art Hahnem\u00fchle-Papier<\/p>\n<p>Ein limitiertes Autorenbild, dieses Werk f\u00fcgt sich nat\u00fcrlich in verschiedene Umgebungen ein.<\/p>\n<p style=\"margin-bottom:0cm;\">Nach ihrem Prozess in den Tartarus geworfen, wurden die 50 Schwestern dazu verdammt, f\u00fcr die Ewigkeit einen bodenlosen Gef\u00e4\u00df zu f\u00fcllen. Wie der urspr\u00fcngliche Fehler bezahlen sie f\u00fcr den begangenen Fehler f\u00fcr die Ewigkeit. Jenseits der griechischen Trag\u00f6die, aus der sie stammen, ist es der philosophische und universelle Aspekt des Siegels Neid\/Verlangen, der im Spiel ist, wo Neid aus Leere entspringt, w\u00e4hrend Verlangen aus F\u00fclle entsteht! Der eine ist Zusammenbruch, w\u00e4hrend der andere \u00fcberstr\u00f6mt. Hier im Sternenmodus eines Sonnenstroms behandelt, der sofort vom klaffenden Loch eines Schwarzen Lochs verschlungen wird! Unbemerkt spielen sie in jedem von ihnen die Trilogie der Webenden Schicksale des Fadens des menschlichen Lebens erneut ab, der am Ende von der unerbittlichen Klinge von Atropos gebrochen und von Clotos geborgen wurde, um einen neuen Faden zu erschaffen! Der Zyklus erzeugte erneut das Astral Ouroboros als L\u00f6sung der Ying\/Yang-Dualit\u00e4t.      <\/p>\n","protected":false},"excerpt":{"rendered":"<p>Nach ihrem Prozess in den Tartarus geworfen, wurden die 50 Schwestern dazu verdammt, f\u00fcr immer ein bodenloses Glas zu f\u00fcllen.<\/p>\n<p>Fotografische Arbeiten in limitierter Auflage erh\u00e4ltlich.<\/p>\n<p>Dana\u00efdes, limitierte Auflage, gedruckt auf Hahnem\u00fchle<\/p>\n","protected":false},"featured_media":17765,"comment_status":"open","ping_status":"closed","template":"","meta":{"_glsr_average":0,"_glsr_ranking":0,"_glsr_reviews":0,"jetpack_publicize_message":"","jetpack_publicize_feature_enabled":true,"jetpack_social_post_already_shared":true,"jetpack_social_options":{"image_generator_settings":{"template":"highway","default_image_id":0,"font":"","enabled":false},"version":2}},"product_brand":[],"product_cat":[177,111,2233,153],"product_tag":[],"class_list":["post-17788","product","type-product","status-publish","has-post-thumbnail","product_cat-experimentelle-methoden","product_cat-farben","product_cat-fotograf-maximilien-minsk","product_cat-grafik","pa_dimensions-85x170cm-de","pa_encadrements-creme-de","pa_encadrements-dunklesholz-de","pa_encadrements-grau-de","pa_encadrements-hellesholz-de","pa_encadrements-keinen-de","pa_encadrements-schwarz-de","pa_encadrements-weiss-de","pa_oeuvresnumerotees_limitees-10exemplaren-de","pa_protectionfinitionsupport-druckunterglasacrylglass-de","pa_protectionfinitionsupport-e4-kunstpapieraufholzplatteu-de","pa_protectionfinitionsupport-20-kunstpapieraufdibondr_alu-de","pa_techniquesphotographiques-alternativeprozesse-de","pa_techniquesphotographiques-farbe-de","pa_themesphotographiques-grafik-de","pa_themesphotographiques-mensch-de","first","instock","taxable","shipping-taxable","purchasable","product-type-variable","has-default-attributes"],"yoast_head":"<!-- This site is optimized with the Yoast SEO plugin v28.3 - https:\/\/yoast.com\/product\/yoast-seo-wordpress\/ -->\n<title>Kunstfotografie: Dana\u00efdes - Audacieuse-Galerie<\/title>\n<meta name=\"description\" content=\"Kunstfotografie: Dana\u00efdes - Audacieuse-Galerie\" \/>\n<meta name=\"robots\" content=\"index, follow, max-snippet:-1, max-image-preview:large, max-video-preview:-1\" \/>\n<link rel=\"canonical\" href=\"https:\/\/www.audacieuse-galerie.ch\/de\/produit\/danaides-2\/\" \/>\n<meta property=\"og:locale\" content=\"de_DE\" \/>\n<meta property=\"og:type\" content=\"article\" \/>\n<meta property=\"og:title\" content=\"Kunstfotografie: Dana\u00efdes - Audacieuse-Galerie\" \/>\n<meta property=\"og:description\" content=\"Kunstfotografie: Dana\u00efdes - Audacieuse-Galerie\" \/>\n<meta property=\"og:url\" content=\"https:\/\/www.audacieuse-galerie.ch\/de\/produit\/danaides-2\/\" \/>\n<meta property=\"og:site_name\" content=\"Audacieuse-Galerie\" \/>\n<meta property=\"article:publisher\" content=\"https:\/\/www.facebook.com\/audacieuse.galerie\" \/>\n<meta property=\"article:modified_time\" content=\"2026-08-13T18:22:42+00:00\" \/>\n<meta property=\"og:image\" content=\"https:\/\/www.audacieuse-galerie.ch\/wp-content\/uploads\/2017\/06\/708-Danaides.jpg\" \/>\n\t<meta property=\"og:image:width\" content=\"500\" \/>\n\t<meta property=\"og:image:height\" content=\"1000\" \/>\n\t<meta property=\"og:image:type\" content=\"image\/jpeg\" \/>\n<meta name=\"twitter:card\" content=\"summary_large_image\" \/>\n<meta name=\"twitter:label1\" content=\"Gesch\u00e4tzte Lesezeit\" \/>\n\t<meta name=\"twitter:data1\" content=\"1 Minute\" \/>\n<script type=\"application\/ld+json\" class=\"yoast-schema-graph\">{\"@context\":\"https:\\\/\\\/schema.org\",\"@graph\":[{\"@type\":\"WebPage\",\"@id\":\"https:\\\/\\\/www.audacieuse-galerie.ch\\\/de\\\/produit\\\/danaides-2\\\/\",\"url\":\"https:\\\/\\\/www.audacieuse-galerie.ch\\\/de\\\/produit\\\/danaides-2\\\/\",\"name\":\"Kunstfotografie: Dana\u00efdes - Audacieuse-Galerie\",\"isPartOf\":{\"@id\":\"https:\\\/\\\/www.audacieuse-galerie.ch\\\/de\\\/#website\"},\"primaryImageOfPage\":{\"@id\":\"https:\\\/\\\/www.audacieuse-galerie.ch\\\/de\\\/produit\\\/danaides-2\\\/#primaryimage\"},\"image\":{\"@id\":\"https:\\\/\\\/www.audacieuse-galerie.ch\\\/de\\\/produit\\\/danaides-2\\\/#primaryimage\"},\"thumbnailUrl\":\"https:\\\/\\\/www.audacieuse-galerie.ch\\\/wp-content\\\/uploads\\\/2017\\\/06\\\/708-Danaides.jpg\",\"datePublished\":\"2017-06-19T20:31:56+00:00\",\"dateModified\":\"2026-08-13T18:22:42+00:00\",\"description\":\"Kunstfotografie: Dana\u00efdes - Audacieuse-Galerie\",\"breadcrumb\":{\"@id\":\"https:\\\/\\\/www.audacieuse-galerie.ch\\\/de\\\/produit\\\/danaides-2\\\/#breadcrumb\"},\"inLanguage\":\"de\",\"potentialAction\":[{\"@type\":\"ReadAction\",\"target\":[\"https:\\\/\\\/www.audacieuse-galerie.ch\\\/de\\\/produit\\\/danaides-2\\\/\"]}]},{\"@type\":\"ImageObject\",\"inLanguage\":\"de\",\"@id\":\"https:\\\/\\\/www.audacieuse-galerie.ch\\\/de\\\/produit\\\/danaides-2\\\/#primaryimage\",\"url\":\"https:\\\/\\\/www.audacieuse-galerie.ch\\\/wp-content\\\/uploads\\\/2017\\\/06\\\/708-Danaides.jpg\",\"contentUrl\":\"https:\\\/\\\/www.audacieuse-galerie.ch\\\/wp-content\\\/uploads\\\/2017\\\/06\\\/708-Danaides.jpg\",\"width\":500,\"height\":1000,\"caption\":\"Dana\u00efdes\"},{\"@type\":\"BreadcrumbList\",\"@id\":\"https:\\\/\\\/www.audacieuse-galerie.ch\\\/de\\\/produit\\\/danaides-2\\\/#breadcrumb\",\"itemListElement\":[{\"@type\":\"ListItem\",\"position\":1,\"name\":\"Heim\",\"item\":\"https:\\\/\\\/www.audacieuse-galerie.ch\\\/de\\\/\"},{\"@type\":\"ListItem\",\"position\":2,\"name\":\"Laden\",\"item\":\"https:\\\/\\\/www.audacieuse-galerie.ch\\\/de\\\/laden\\\/\"},{\"@type\":\"ListItem\",\"position\":3,\"name\":\"Kunstfotografie: Dana\u00efdes\"}]},{\"@type\":\"WebSite\",\"@id\":\"https:\\\/\\\/www.audacieuse-galerie.ch\\\/de\\\/#website\",\"url\":\"https:\\\/\\\/www.audacieuse-galerie.ch\\\/de\\\/\",\"name\":\"Audacieuse-Galerie\",\"description\":\"Mode et Images\",\"potentialAction\":[{\"@type\":\"SearchAction\",\"target\":{\"@type\":\"EntryPoint\",\"urlTemplate\":\"https:\\\/\\\/www.audacieuse-galerie.ch\\\/de\\\/?s={search_term_string}\"},\"query-input\":{\"@type\":\"PropertyValueSpecification\",\"valueRequired\":true,\"valueName\":\"search_term_string\"}}],\"inLanguage\":\"de\"}]}<\/script>\n<!-- \/ Yoast SEO plugin. -->","yoast_head_json":{"title":"Kunstfotografie: Dana\u00efdes - Audacieuse-Galerie","description":"Kunstfotografie: Dana\u00efdes - Audacieuse-Galerie","robots":{"index":"index","follow":"follow","max-snippet":"max-snippet:-1","max-image-preview":"max-image-preview:large","max-video-preview":"max-video-preview:-1"},"canonical":"https:\/\/www.audacieuse-galerie.ch\/de\/produit\/danaides-2\/","og_locale":"de_DE","og_type":"article","og_title":"Kunstfotografie: Dana\u00efdes - Audacieuse-Galerie","og_description":"Kunstfotografie: Dana\u00efdes - Audacieuse-Galerie","og_url":"https:\/\/www.audacieuse-galerie.ch\/de\/produit\/danaides-2\/","og_site_name":"Audacieuse-Galerie","article_publisher":"https:\/\/www.facebook.com\/audacieuse.galerie","article_modified_time":"2026-08-13T18:22:42+00:00","og_image":[{"width":500,"height":1000,"url":"https:\/\/www.audacieuse-galerie.ch\/wp-content\/uploads\/2017\/06\/708-Danaides.jpg","type":"image\/jpeg"}],"twitter_card":"summary_large_image","twitter_misc":{"Gesch\u00e4tzte Lesezeit":"1 Minute"},"schema":{"@context":"https:\/\/schema.org","@graph":[{"@type":"WebPage","@id":"https:\/\/www.audacieuse-galerie.ch\/de\/produit\/danaides-2\/","url":"https:\/\/www.audacieuse-galerie.ch\/de\/produit\/danaides-2\/","name":"Kunstfotografie: Dana\u00efdes - Audacieuse-Galerie","isPartOf":{"@id":"https:\/\/www.audacieuse-galerie.ch\/de\/#website"},"primaryImageOfPage":{"@id":"https:\/\/www.audacieuse-galerie.ch\/de\/produit\/danaides-2\/#primaryimage"},"image":{"@id":"https:\/\/www.audacieuse-galerie.ch\/de\/produit\/danaides-2\/#primaryimage"},"thumbnailUrl":"https:\/\/www.audacieuse-galerie.ch\/wp-content\/uploads\/2017\/06\/708-Danaides.jpg","datePublished":"2017-06-19T20:31:56+00:00","dateModified":"2026-08-13T18:22:42+00:00","description":"Kunstfotografie: Dana\u00efdes - Audacieuse-Galerie","breadcrumb":{"@id":"https:\/\/www.audacieuse-galerie.ch\/de\/produit\/danaides-2\/#breadcrumb"},"inLanguage":"de","potentialAction":[{"@type":"ReadAction","target":["https:\/\/www.audacieuse-galerie.ch\/de\/produit\/danaides-2\/"]}]},{"@type":"ImageObject","inLanguage":"de","@id":"https:\/\/www.audacieuse-galerie.ch\/de\/produit\/danaides-2\/#primaryimage","url":"https:\/\/www.audacieuse-galerie.ch\/wp-content\/uploads\/2017\/06\/708-Danaides.jpg","contentUrl":"https:\/\/www.audacieuse-galerie.ch\/wp-content\/uploads\/2017\/06\/708-Danaides.jpg","width":500,"height":1000,"caption":"Dana\u00efdes"},{"@type":"BreadcrumbList","@id":"https:\/\/www.audacieuse-galerie.ch\/de\/produit\/danaides-2\/#breadcrumb","itemListElement":[{"@type":"ListItem","position":1,"name":"Heim","item":"https:\/\/www.audacieuse-galerie.ch\/de\/"},{"@type":"ListItem","position":2,"name":"Laden","item":"https:\/\/www.audacieuse-galerie.ch\/de\/laden\/"},{"@type":"ListItem","position":3,"name":"Kunstfotografie: Dana\u00efdes"}]},{"@type":"WebSite","@id":"https:\/\/www.audacieuse-galerie.ch\/de\/#website","url":"https:\/\/www.audacieuse-galerie.ch\/de\/","name":"Audacieuse-Galerie","description":"Mode et Images","potentialAction":[{"@type":"SearchAction","target":{"@type":"EntryPoint","urlTemplate":"https:\/\/www.audacieuse-galerie.ch\/de\/?s={search_term_string}"},"query-input":{"@type":"PropertyValueSpecification","valueRequired":true,"valueName":"search_term_string"}}],"inLanguage":"de"}]}},"jetpack_publicize_connections":[],"_links":{"self":[{"href":"https:\/\/www.audacieuse-galerie.ch\/de\/wp-json\/wp\/v2\/product\/17788","targetHints":{"allow":["GET"]}}],"collection":[{"href":"https:\/\/www.audacieuse-galerie.ch\/de\/wp-json\/wp\/v2\/product"}],"about":[{"href":"https:\/\/www.audacieuse-galerie.ch\/de\/wp-json\/wp\/v2\/types\/product"}],"replies":[{"embeddable":true,"href":"https:\/\/www.audacieuse-galerie.ch\/de\/wp-json\/wp\/v2\/comments?post=17788"}],"version-history":[{"count":1,"href":"https:\/\/www.audacieuse-galerie.ch\/de\/wp-json\/wp\/v2\/product\/17788\/revisions"}],"predecessor-version":[{"id":166751,"href":"https:\/\/www.audacieuse-galerie.ch\/de\/wp-json\/wp\/v2\/product\/17788\/revisions\/166751"}],"wp:featuredmedia":[{"embeddable":true,"href":"https:\/\/www.audacieuse-galerie.ch\/de\/wp-json\/wp\/v2\/media\/17765"}],"wp:attachment":[{"href":"https:\/\/www.audacieuse-galerie.ch\/de\/wp-json\/wp\/v2\/media?parent=17788"}],"wp:term":[{"taxonomy":"product_brand","embeddable":true,"href":"https:\/\/www.audacieuse-galerie.ch\/de\/wp-json\/wp\/v2\/product_brand?post=17788"},{"taxonomy":"product_cat","embeddable":true,"href":"https:\/\/www.audacieuse-galerie.ch\/de\/wp-json\/wp\/v2\/product_cat?post=17788"},{"taxonomy":"product_tag","embeddable":true,"href":"https:\/\/www.audacieuse-galerie.ch\/de\/wp-json\/wp\/v2\/product_tag?post=17788"}],"curies":[{"name":"wp","href":"https:\/\/api.w.org\/{rel}","templated":true}]}}