{"id":51958,"date":"2019-10-17T14:06:50","date_gmt":"2019-10-17T12:06:50","guid":{"rendered":"https:\/\/woo.audacieuse-galerie.ch\/produit\/privacy-under-your-skin-2\/"},"modified":"2026-08-12T00:08:40","modified_gmt":"2026-08-11T22:08:40","slug":"privacy-under-your-skin-2","status":"publish","type":"product","link":"https:\/\/www.audacieuse-galerie.ch\/de\/produit\/privacy-under-your-skin-2\/","title":{"rendered":"Kunstfotografie: Privatsph\u00e4re \u2013 Unter die Haut"},"content":{"rendered":"<p>Manche Bilder verf\u00fchren das Auge. Andere sind dauerhaft im Ged\u00e4chtnis eingraviert. Dieses Foto geh\u00f6rt zur zweiten Kategorie. Ausgew\u00e4hlt wegen der Tiefe seiner visuellen Sprache, l\u00e4dt es zu einer sensiblen Lesart ein, bei der Emotionen ebenso sehr aus dem Gezeigten wie aus dem Angedeuteten entstehen. Sie begleitet den Ort mit Diskretion und Unterscheidung und schafft einen stillen Dialog zwischen Werk, Raum und Betrachter.    <\/p>\n<p>Dieses zeitgen\u00f6ssische Werk ist Gegenstand einer limitierten und nummerierten Auflage mit einer streng festgelegten Anzahl von Exemplaren. Diese kontrollierte Verbreitung garantiert die Seltenheit des Werks und bewahrt seinen einzigartigen Charakter. Jedes Foto wird mit einem Echtheitszertifikat geliefert, das vom K\u00fcnstlerfotografen unterschrieben wurde.  <\/p>\n<p>Dieses zeitgen\u00f6ssische fotografische Werk wurde wegen seiner F\u00e4higkeit ausgew\u00e4hlt, eine bleibende und aufrichtige Emotion zu erzeugen. Sie bietet einen visuellen Ankerpunkt, der den Ort mit Eleganz und Tiefe begleitet. Mit der Zeit offenbart das Werk neue Nuancen und bewahrt eine immer erneuerte Beziehung zu seinem Betrachter.  <\/p>\n<p>Um seinen au\u00dfergew\u00f6hnlichen Charakter zu bewahren, wird das Foto in einer limitierten und nummerierten Serie ver\u00f6ffentlicht. Jeder Abzug wird von einem vom fotografischen K\u00fcnstler unterschriebenen Echtheitszertifikat begleitet, das seine Herkunft und die Zugeh\u00f6rigkeit zur offiziellen Ausgabe belegt. <\/p>\n<p>Ein fotografisches Werk mit Charakter, das in limitierter Auflage angeboten wird, richtet es sich an diejenigen, die die Einzigartigkeit von Bildern sch\u00e4tzen.<\/p>\n<p>Hier sind die beiden Genres identifizierbar, die Intimit\u00e4t der Aufnahme l\u00e4sst uns in ein bestimmtes Universum eintauchen. Die Metapher des Schwarzes wirkt hier fast wie ein Monster, das seine Beute verschlingt, aber die Farbe \u00fcbernimmt die Rolle des Lichts, das aus den Schatten auftaucht und das Gesicht und das Bild erhellt. Wir k\u00f6nnen die Verwandlung im Gange sehen und miterleben, als ob wir auf einer B\u00fchne st\u00fcnden, das Aufstellen des Bildes bezieht sich dann nach den Vorbereitungen darauf und schickt uns direkt zur\u00fcck in den Moment der Show.  <\/p>\n","protected":false},"excerpt":{"rendered":"<p>Die Metapher des Schwarzen wirkt hier fast wie ein Monster, das seine Beute verschlingt, doch Farbe \u00fcbernimmt die Rolle des Lichts, das aus den Schatten hervortritt und das Gesicht sowie das Bild erhellt.<\/p>\n<p>Exklusive Kunstfotografie in kontrollierter Auflage.<\/p>\n<p>Exklusiver Kunstdruck f\u00fcr anspruchsvolle Sammler.<\/p>\n","protected":false},"featured_media":51914,"comment_status":"open","ping_status":"closed","template":"","meta":{"_glsr_average":0,"_glsr_ranking":0,"_glsr_reviews":0,"jetpack_publicize_message":"","jetpack_publicize_feature_enabled":true,"jetpack_social_post_already_shared":true,"jetpack_social_options":{"image_generator_settings":{"template":"highway","default_image_id":0,"font":"","enabled":false},"version":2}},"product_brand":[],"product_cat":[63,111,2232,108,132],"product_tag":[],"class_list":["post-51958","product","type-product","status-publish","has-post-thumbnail","product_cat-auswahlkurator","product_cat-farben","product_cat-fotografin-manon-boyer","product_cat-mensch","product_cat-portraets","pa_dimensions-50x65cm-de","pa_dimensions-60x90cm-de","pa_encadrements-creme-de","pa_encadrements-dunklesholz-de","pa_encadrements-grau-de","pa_encadrements-hellesholz-de","pa_encadrements-keinen-de","pa_encadrements-schwarz-de","pa_encadrements-weiss-de","pa_oeuvresnumerotees_limitees-15exemplaren-de","pa_papiers-satinbarytpapier-de","pa_protectionfinitionsupport-druckunterglasacrylglass-de","pa_protectionfinitionsupport-e4-kunstpapieraufholzplatteu-de","pa_protectionfinitionsupport-20-kunstpapieraufdibondr_alu-de","pa_techniquesphotographiques-farbe-de","pa_themesphotographiques-grafik-de","pa_themesphotographiques-mensch-de","pa_themesphotographiques-mode-de","pa_themesphotographiques-portrat-de","first","instock","taxable","shipping-taxable","purchasable","product-type-variable","has-default-attributes"],"yoast_head":"<!-- This site is optimized with the Yoast SEO plugin v28.3 - https:\/\/yoast.com\/product\/yoast-seo-wordpress\/ -->\n<title>Kunstfotografie: Privatsph\u00e4re \u2013 Unter die Haut - Audacieuse-Galerie<\/title>\n<meta name=\"description\" content=\"Kunstfotografie: Privatsph\u00e4re \u2013 Unter die Haut - Audacieuse-Galerie\" \/>\n<meta name=\"robots\" content=\"index, follow, max-snippet:-1, max-image-preview:large, max-video-preview:-1\" \/>\n<link rel=\"canonical\" href=\"https:\/\/www.audacieuse-galerie.ch\/de\/produit\/privacy-under-your-skin-2\/\" \/>\n<meta property=\"og:locale\" content=\"de_DE\" \/>\n<meta property=\"og:type\" content=\"article\" \/>\n<meta property=\"og:title\" content=\"Kunstfotografie: Privatsph\u00e4re \u2013 Unter die Haut - Audacieuse-Galerie\" \/>\n<meta property=\"og:description\" content=\"Kunstfotografie: Privatsph\u00e4re \u2013 Unter die Haut - Audacieuse-Galerie\" \/>\n<meta property=\"og:url\" content=\"https:\/\/www.audacieuse-galerie.ch\/de\/produit\/privacy-under-your-skin-2\/\" \/>\n<meta property=\"og:site_name\" content=\"Audacieuse-Galerie\" \/>\n<meta property=\"article:publisher\" content=\"https:\/\/www.facebook.com\/audacieuse.galerie\" \/>\n<meta property=\"article:modified_time\" content=\"2026-08-11T22:08:40+00:00\" \/>\n<meta property=\"og:image\" content=\"https:\/\/www.audacieuse-galerie.ch\/wp-content\/uploads\/2019\/10\/677-Privacy-Under-your-skin.jpg\" \/>\n\t<meta property=\"og:image:width\" content=\"800\" \/>\n\t<meta property=\"og:image:height\" content=\"1200\" \/>\n\t<meta property=\"og:image:type\" content=\"image\/jpeg\" \/>\n<meta name=\"twitter:card\" content=\"summary_large_image\" \/>\n<meta name=\"twitter:label1\" content=\"Gesch\u00e4tzte Lesezeit\" \/>\n\t<meta name=\"twitter:data1\" content=\"2 Minuten\" \/>\n<script type=\"application\/ld+json\" class=\"yoast-schema-graph\">{\"@context\":\"https:\\\/\\\/schema.org\",\"@graph\":[{\"@type\":\"WebPage\",\"@id\":\"https:\\\/\\\/www.audacieuse-galerie.ch\\\/de\\\/produit\\\/privacy-under-your-skin-2\\\/\",\"url\":\"https:\\\/\\\/www.audacieuse-galerie.ch\\\/de\\\/produit\\\/privacy-under-your-skin-2\\\/\",\"name\":\"Kunstfotografie: Privatsph\u00e4re \u2013 Unter die Haut - Audacieuse-Galerie\",\"isPartOf\":{\"@id\":\"https:\\\/\\\/www.audacieuse-galerie.ch\\\/de\\\/#website\"},\"primaryImageOfPage\":{\"@id\":\"https:\\\/\\\/www.audacieuse-galerie.ch\\\/de\\\/produit\\\/privacy-under-your-skin-2\\\/#primaryimage\"},\"image\":{\"@id\":\"https:\\\/\\\/www.audacieuse-galerie.ch\\\/de\\\/produit\\\/privacy-under-your-skin-2\\\/#primaryimage\"},\"thumbnailUrl\":\"https:\\\/\\\/www.audacieuse-galerie.ch\\\/wp-content\\\/uploads\\\/2019\\\/10\\\/677-Privacy-Under-your-skin.jpg\",\"datePublished\":\"2019-10-17T12:06:50+00:00\",\"dateModified\":\"2026-08-11T22:08:40+00:00\",\"description\":\"Kunstfotografie: Privatsph\u00e4re \u2013 Unter die Haut - Audacieuse-Galerie\",\"breadcrumb\":{\"@id\":\"https:\\\/\\\/www.audacieuse-galerie.ch\\\/de\\\/produit\\\/privacy-under-your-skin-2\\\/#breadcrumb\"},\"inLanguage\":\"de\",\"potentialAction\":[{\"@type\":\"ReadAction\",\"target\":[\"https:\\\/\\\/www.audacieuse-galerie.ch\\\/de\\\/produit\\\/privacy-under-your-skin-2\\\/\"]}]},{\"@type\":\"ImageObject\",\"inLanguage\":\"de\",\"@id\":\"https:\\\/\\\/www.audacieuse-galerie.ch\\\/de\\\/produit\\\/privacy-under-your-skin-2\\\/#primaryimage\",\"url\":\"https:\\\/\\\/www.audacieuse-galerie.ch\\\/wp-content\\\/uploads\\\/2019\\\/10\\\/677-Privacy-Under-your-skin.jpg\",\"contentUrl\":\"https:\\\/\\\/www.audacieuse-galerie.ch\\\/wp-content\\\/uploads\\\/2019\\\/10\\\/677-Privacy-Under-your-skin.jpg\",\"width\":800,\"height\":1200,\"caption\":\"Privatsph\u00e4re - Unter der Haut\"},{\"@type\":\"BreadcrumbList\",\"@id\":\"https:\\\/\\\/www.audacieuse-galerie.ch\\\/de\\\/produit\\\/privacy-under-your-skin-2\\\/#breadcrumb\",\"itemListElement\":[{\"@type\":\"ListItem\",\"position\":1,\"name\":\"Heim\",\"item\":\"https:\\\/\\\/www.audacieuse-galerie.ch\\\/de\\\/\"},{\"@type\":\"ListItem\",\"position\":2,\"name\":\"Laden\",\"item\":\"https:\\\/\\\/www.audacieuse-galerie.ch\\\/de\\\/laden\\\/\"},{\"@type\":\"ListItem\",\"position\":3,\"name\":\"Kunstfotografie: Privatsph\u00e4re \u2013 Unter die Haut\"}]},{\"@type\":\"WebSite\",\"@id\":\"https:\\\/\\\/www.audacieuse-galerie.ch\\\/de\\\/#website\",\"url\":\"https:\\\/\\\/www.audacieuse-galerie.ch\\\/de\\\/\",\"name\":\"Audacieuse-Galerie\",\"description\":\"Mode et Images\",\"potentialAction\":[{\"@type\":\"SearchAction\",\"target\":{\"@type\":\"EntryPoint\",\"urlTemplate\":\"https:\\\/\\\/www.audacieuse-galerie.ch\\\/de\\\/?s={search_term_string}\"},\"query-input\":{\"@type\":\"PropertyValueSpecification\",\"valueRequired\":true,\"valueName\":\"search_term_string\"}}],\"inLanguage\":\"de\"}]}<\/script>\n<!-- \/ Yoast SEO plugin. -->","yoast_head_json":{"title":"Kunstfotografie: Privatsph\u00e4re \u2013 Unter die Haut - Audacieuse-Galerie","description":"Kunstfotografie: Privatsph\u00e4re \u2013 Unter die Haut - Audacieuse-Galerie","robots":{"index":"index","follow":"follow","max-snippet":"max-snippet:-1","max-image-preview":"max-image-preview:large","max-video-preview":"max-video-preview:-1"},"canonical":"https:\/\/www.audacieuse-galerie.ch\/de\/produit\/privacy-under-your-skin-2\/","og_locale":"de_DE","og_type":"article","og_title":"Kunstfotografie: Privatsph\u00e4re \u2013 Unter die Haut - Audacieuse-Galerie","og_description":"Kunstfotografie: Privatsph\u00e4re \u2013 Unter die Haut - Audacieuse-Galerie","og_url":"https:\/\/www.audacieuse-galerie.ch\/de\/produit\/privacy-under-your-skin-2\/","og_site_name":"Audacieuse-Galerie","article_publisher":"https:\/\/www.facebook.com\/audacieuse.galerie","article_modified_time":"2026-08-11T22:08:40+00:00","og_image":[{"width":800,"height":1200,"url":"https:\/\/www.audacieuse-galerie.ch\/wp-content\/uploads\/2019\/10\/677-Privacy-Under-your-skin.jpg","type":"image\/jpeg"}],"twitter_card":"summary_large_image","twitter_misc":{"Gesch\u00e4tzte Lesezeit":"2 Minuten"},"schema":{"@context":"https:\/\/schema.org","@graph":[{"@type":"WebPage","@id":"https:\/\/www.audacieuse-galerie.ch\/de\/produit\/privacy-under-your-skin-2\/","url":"https:\/\/www.audacieuse-galerie.ch\/de\/produit\/privacy-under-your-skin-2\/","name":"Kunstfotografie: Privatsph\u00e4re \u2013 Unter die Haut - Audacieuse-Galerie","isPartOf":{"@id":"https:\/\/www.audacieuse-galerie.ch\/de\/#website"},"primaryImageOfPage":{"@id":"https:\/\/www.audacieuse-galerie.ch\/de\/produit\/privacy-under-your-skin-2\/#primaryimage"},"image":{"@id":"https:\/\/www.audacieuse-galerie.ch\/de\/produit\/privacy-under-your-skin-2\/#primaryimage"},"thumbnailUrl":"https:\/\/www.audacieuse-galerie.ch\/wp-content\/uploads\/2019\/10\/677-Privacy-Under-your-skin.jpg","datePublished":"2019-10-17T12:06:50+00:00","dateModified":"2026-08-11T22:08:40+00:00","description":"Kunstfotografie: Privatsph\u00e4re \u2013 Unter die Haut - Audacieuse-Galerie","breadcrumb":{"@id":"https:\/\/www.audacieuse-galerie.ch\/de\/produit\/privacy-under-your-skin-2\/#breadcrumb"},"inLanguage":"de","potentialAction":[{"@type":"ReadAction","target":["https:\/\/www.audacieuse-galerie.ch\/de\/produit\/privacy-under-your-skin-2\/"]}]},{"@type":"ImageObject","inLanguage":"de","@id":"https:\/\/www.audacieuse-galerie.ch\/de\/produit\/privacy-under-your-skin-2\/#primaryimage","url":"https:\/\/www.audacieuse-galerie.ch\/wp-content\/uploads\/2019\/10\/677-Privacy-Under-your-skin.jpg","contentUrl":"https:\/\/www.audacieuse-galerie.ch\/wp-content\/uploads\/2019\/10\/677-Privacy-Under-your-skin.jpg","width":800,"height":1200,"caption":"Privatsph\u00e4re - Unter der Haut"},{"@type":"BreadcrumbList","@id":"https:\/\/www.audacieuse-galerie.ch\/de\/produit\/privacy-under-your-skin-2\/#breadcrumb","itemListElement":[{"@type":"ListItem","position":1,"name":"Heim","item":"https:\/\/www.audacieuse-galerie.ch\/de\/"},{"@type":"ListItem","position":2,"name":"Laden","item":"https:\/\/www.audacieuse-galerie.ch\/de\/laden\/"},{"@type":"ListItem","position":3,"name":"Kunstfotografie: Privatsph\u00e4re \u2013 Unter die Haut"}]},{"@type":"WebSite","@id":"https:\/\/www.audacieuse-galerie.ch\/de\/#website","url":"https:\/\/www.audacieuse-galerie.ch\/de\/","name":"Audacieuse-Galerie","description":"Mode et Images","potentialAction":[{"@type":"SearchAction","target":{"@type":"EntryPoint","urlTemplate":"https:\/\/www.audacieuse-galerie.ch\/de\/?s={search_term_string}"},"query-input":{"@type":"PropertyValueSpecification","valueRequired":true,"valueName":"search_term_string"}}],"inLanguage":"de"}]}},"jetpack_publicize_connections":[],"_links":{"self":[{"href":"https:\/\/www.audacieuse-galerie.ch\/de\/wp-json\/wp\/v2\/product\/51958","targetHints":{"allow":["GET"]}}],"collection":[{"href":"https:\/\/www.audacieuse-galerie.ch\/de\/wp-json\/wp\/v2\/product"}],"about":[{"href":"https:\/\/www.audacieuse-galerie.ch\/de\/wp-json\/wp\/v2\/types\/product"}],"replies":[{"embeddable":true,"href":"https:\/\/www.audacieuse-galerie.ch\/de\/wp-json\/wp\/v2\/comments?post=51958"}],"version-history":[{"count":0,"href":"https:\/\/www.audacieuse-galerie.ch\/de\/wp-json\/wp\/v2\/product\/51958\/revisions"}],"wp:featuredmedia":[{"embeddable":true,"href":"https:\/\/www.audacieuse-galerie.ch\/de\/wp-json\/wp\/v2\/media\/51914"}],"wp:attachment":[{"href":"https:\/\/www.audacieuse-galerie.ch\/de\/wp-json\/wp\/v2\/media?parent=51958"}],"wp:term":[{"taxonomy":"product_brand","embeddable":true,"href":"https:\/\/www.audacieuse-galerie.ch\/de\/wp-json\/wp\/v2\/product_brand?post=51958"},{"taxonomy":"product_cat","embeddable":true,"href":"https:\/\/www.audacieuse-galerie.ch\/de\/wp-json\/wp\/v2\/product_cat?post=51958"},{"taxonomy":"product_tag","embeddable":true,"href":"https:\/\/www.audacieuse-galerie.ch\/de\/wp-json\/wp\/v2\/product_tag?post=51958"}],"curies":[{"name":"wp","href":"https:\/\/api.w.org\/{rel}","templated":true}]}}