{"id":57182,"date":"2021-06-26T17:17:36","date_gmt":"2021-06-26T15:17:36","guid":{"rendered":"https:\/\/woo.audacieuse-galerie.ch\/produit\/fotografie-tatanka-kuenstler-thierry-vezon\/"},"modified":"2026-08-19T12:41:29","modified_gmt":"2026-08-19T10:41:29","slug":"fotografie-tatanka-kuenstler-thierry-vezon","status":"publish","type":"product","link":"https:\/\/www.audacieuse-galerie.ch\/de\/produit\/fotografie-tatanka-kuenstler-thierry-vezon\/","title":{"rendered":"Kunstfotografie: Fotografie: Tatanka. K\u00fcnstler: Thierry Vezon."},"content":{"rendered":"<p>Wir bieten &#8218;Tatanka&#8216; von Thierry Vezon an, eine diskrete, aber durchsetzungsf\u00e4hige Fotografie, gedruckt auf Fine Art Hahnem\u00fchle-Papier, in einer limitierten und nummerierten Auflage.<\/p>\n<p>Einige Werke sind sofort ansprechend. Andere setzen sich allm\u00e4hlich in die Erinnerung ein und hallen noch lange nach, nachdem sie entdeckt wurden. Dieses Foto geh\u00f6rt zur zweiten Kategorie. Seine diskrete, aber sichere Pr\u00e4senz erm\u00f6glicht es ihm, R\u00e4ume und Erscheinungen langfristig zu begleiten.   <\/p>\n<p>Diese zeitgen\u00f6ssische Kreation wird in einer limitierten und nummerierten Auflage angeboten. Jede Kopie wird mit einem Echtheitszertifikat geliefert, das vom K\u00fcnstlerfotografen unterschrieben ist. <\/p>\n<p>Der Yellowstone Park in Wyoming wurde 1872 auf Initiative von Pr\u00e4sident Ulysses Grant gegr\u00fcndet. Es war das erste Naturschutzgebiet der Geschichte, und seine Gr\u00fcndung erfolgte mit der der Indianerreservate, in denen die Amerikaner behaupteten, diejenigen, die sie die Red Indians nannten, zu konzentrieren und einzud\u00e4mmen. Nachdem sie eine Welt erobert und beherrscht hatten, wollten sie einige Fragmente davon bewahren, frei von allen Angriffen, von jedem Fortschritt. Der Park ist ber\u00fchmt f\u00fcr seine Canyons, seine Geysire, die Reichheit seines Wassers und die Tiefe seiner W\u00e4lder. Er ist au\u00dferdem verantwortlich f\u00fcr die Rettung des Bisons, eines emblematischen Tieres der Great Plains. Im Jahr 1902 gab es nur etwa f\u00fcnfzig davon im Park; Heute sind es mehr als viertausend. M\u00e4chtig, stur, in der Farbe von Fels und Rinde \u2013 niemand dr\u00fcckt besser aus und verk\u00f6rpert die tellurischen Kr\u00e4fte eines Landes, das unber\u00fchrt geblieben ist.      <\/p>\n","protected":false},"excerpt":{"rendered":"<p>M\u00e4chtig, stur, in der Farbe von Fels und Rinde \u2013 niemand ist besser als sie \u2013 die tellurischen Kr\u00e4fte eines Landes, das unber\u00fchrt geblieben ist. Im Jahr 1902 gab es nur etwa f\u00fcnfzig davon im Park; Heute gibt es mehr als viertausend Bisons. <\/p>\n<p>Jedes Exemplar geh\u00f6rt zu einer limitierten und nummerierten Edition, deren Verbreitung streng kontrolliert wird. Ein vom K\u00fcnstlerfotograf unterschriebenes Echtheitszertifikat liegt jedem Foto bei. <\/p>\n","protected":false},"featured_media":57117,"comment_status":"open","ping_status":"closed","template":"","meta":{"_glsr_average":0,"_glsr_ranking":0,"_glsr_reviews":0,"jetpack_publicize_message":"","jetpack_publicize_feature_enabled":true,"jetpack_social_post_already_shared":true,"jetpack_social_options":{"image_generator_settings":{"template":"highway","default_image_id":0,"font":"","enabled":false},"version":2}},"product_brand":[],"product_cat":[189,63,111,2203,240,237,243],"product_tag":[],"class_list":["post-57182","product","type-product","status-publish","has-post-thumbnail","product_cat-amerika","product_cat-auswahlkurator","product_cat-farben","product_cat-fotograf-thierry-vezon","product_cat-landschaftsbilder","product_cat-natur","product_cat-tierwelt","pa_dimensions-40x60cm-de","pa_dimensions-50x75cm-de","pa_dimensions-60x90cm-de","pa_encadrements-creme-de","pa_encadrements-dunklesholz-de","pa_encadrements-grau-de","pa_encadrements-hellesholz-de","pa_encadrements-keinen-de","pa_encadrements-schwarz-de","pa_encadrements-weiss-de","pa_oeuvresnumerotees_limitees-15exemplaren-de","pa_protectionfinitionsupport-druckunterglasacrylglass-de","pa_protectionfinitionsupport-e4-kunstpapieraufholzplatteu-de","pa_protectionfinitionsupport-20-kunstpapieraufdibondr_alu-de","pa_techniquesphotographiques-farbe-de","pa_themesphotographiques-amerika-de","pa_themesphotographiques-landschaft-de","pa_themesphotographiques-natur-de","pa_themesphotographiques-tierwelt-de","first","instock","taxable","shipping-taxable","purchasable","product-type-variable","has-default-attributes"],"yoast_head":"<!-- This site is optimized with the Yoast SEO plugin v28.3 - https:\/\/yoast.com\/product\/yoast-seo-wordpress\/ -->\n<title>Kunstfotografie: Fotografie: Tatanka. K\u00fcnstler: Thierry Vezon. - Audacieuse-Galerie<\/title>\n<meta name=\"description\" content=\"Kunstfotografie: Fotografie: Tatanka. K\u00fcnstler: Thierry Vezon. - Audacieuse-Galerie\" \/>\n<meta name=\"robots\" content=\"index, follow, max-snippet:-1, max-image-preview:large, max-video-preview:-1\" \/>\n<link rel=\"canonical\" href=\"https:\/\/www.audacieuse-galerie.ch\/de\/produit\/fotografie-tatanka-kuenstler-thierry-vezon\/\" \/>\n<meta property=\"og:locale\" content=\"de_DE\" \/>\n<meta property=\"og:type\" content=\"article\" \/>\n<meta property=\"og:title\" content=\"Kunstfotografie: Fotografie: Tatanka. K\u00fcnstler: Thierry Vezon. - Audacieuse-Galerie\" \/>\n<meta property=\"og:description\" content=\"Kunstfotografie: Fotografie: Tatanka. K\u00fcnstler: Thierry Vezon. - Audacieuse-Galerie\" \/>\n<meta property=\"og:url\" content=\"https:\/\/www.audacieuse-galerie.ch\/de\/produit\/fotografie-tatanka-kuenstler-thierry-vezon\/\" \/>\n<meta property=\"og:site_name\" content=\"Audacieuse-Galerie\" \/>\n<meta property=\"article:publisher\" content=\"https:\/\/www.facebook.com\/audacieuse.galerie\" \/>\n<meta property=\"article:modified_time\" content=\"2026-08-19T10:41:29+00:00\" \/>\n<meta property=\"og:image\" content=\"https:\/\/www.audacieuse-galerie.ch\/wp-content\/uploads\/2021\/06\/1317-Photographie-Tatanka.-Artiste-Thierry-Vezon.jpg\" \/>\n\t<meta property=\"og:image:width\" content=\"1000\" \/>\n\t<meta property=\"og:image:height\" content=\"571\" \/>\n\t<meta property=\"og:image:type\" content=\"image\/jpeg\" \/>\n<meta name=\"twitter:card\" content=\"summary_large_image\" \/>\n<meta name=\"twitter:label1\" content=\"Gesch\u00e4tzte Lesezeit\" \/>\n\t<meta name=\"twitter:data1\" content=\"1 Minute\" \/>\n<script type=\"application\/ld+json\" class=\"yoast-schema-graph\">{\"@context\":\"https:\\\/\\\/schema.org\",\"@graph\":[{\"@type\":\"WebPage\",\"@id\":\"https:\\\/\\\/www.audacieuse-galerie.ch\\\/de\\\/produit\\\/fotografie-tatanka-kuenstler-thierry-vezon\\\/\",\"url\":\"https:\\\/\\\/www.audacieuse-galerie.ch\\\/de\\\/produit\\\/fotografie-tatanka-kuenstler-thierry-vezon\\\/\",\"name\":\"Kunstfotografie: Fotografie: Tatanka. K\u00fcnstler: Thierry Vezon. - Audacieuse-Galerie\",\"isPartOf\":{\"@id\":\"https:\\\/\\\/www.audacieuse-galerie.ch\\\/de\\\/#website\"},\"primaryImageOfPage\":{\"@id\":\"https:\\\/\\\/www.audacieuse-galerie.ch\\\/de\\\/produit\\\/fotografie-tatanka-kuenstler-thierry-vezon\\\/#primaryimage\"},\"image\":{\"@id\":\"https:\\\/\\\/www.audacieuse-galerie.ch\\\/de\\\/produit\\\/fotografie-tatanka-kuenstler-thierry-vezon\\\/#primaryimage\"},\"thumbnailUrl\":\"https:\\\/\\\/www.audacieuse-galerie.ch\\\/wp-content\\\/uploads\\\/2021\\\/06\\\/1317-Photographie-Tatanka.-Artiste-Thierry-Vezon.jpg\",\"datePublished\":\"2021-06-26T15:17:36+00:00\",\"dateModified\":\"2026-08-19T10:41:29+00:00\",\"description\":\"Kunstfotografie: Fotografie: Tatanka. K\u00fcnstler: Thierry Vezon. - Audacieuse-Galerie\",\"breadcrumb\":{\"@id\":\"https:\\\/\\\/www.audacieuse-galerie.ch\\\/de\\\/produit\\\/fotografie-tatanka-kuenstler-thierry-vezon\\\/#breadcrumb\"},\"inLanguage\":\"de\",\"potentialAction\":[{\"@type\":\"ReadAction\",\"target\":[\"https:\\\/\\\/www.audacieuse-galerie.ch\\\/de\\\/produit\\\/fotografie-tatanka-kuenstler-thierry-vezon\\\/\"]}]},{\"@type\":\"ImageObject\",\"inLanguage\":\"de\",\"@id\":\"https:\\\/\\\/www.audacieuse-galerie.ch\\\/de\\\/produit\\\/fotografie-tatanka-kuenstler-thierry-vezon\\\/#primaryimage\",\"url\":\"https:\\\/\\\/www.audacieuse-galerie.ch\\\/wp-content\\\/uploads\\\/2021\\\/06\\\/1317-Photographie-Tatanka.-Artiste-Thierry-Vezon.jpg\",\"contentUrl\":\"https:\\\/\\\/www.audacieuse-galerie.ch\\\/wp-content\\\/uploads\\\/2021\\\/06\\\/1317-Photographie-Tatanka.-Artiste-Thierry-Vezon.jpg\",\"width\":1000,\"height\":571,\"caption\":\"Foto: Tatanka. K\u00fcnstler: Thierry Vezon.\"},{\"@type\":\"BreadcrumbList\",\"@id\":\"https:\\\/\\\/www.audacieuse-galerie.ch\\\/de\\\/produit\\\/fotografie-tatanka-kuenstler-thierry-vezon\\\/#breadcrumb\",\"itemListElement\":[{\"@type\":\"ListItem\",\"position\":1,\"name\":\"Heim\",\"item\":\"https:\\\/\\\/www.audacieuse-galerie.ch\\\/de\\\/\"},{\"@type\":\"ListItem\",\"position\":2,\"name\":\"Laden\",\"item\":\"https:\\\/\\\/www.audacieuse-galerie.ch\\\/de\\\/laden\\\/\"},{\"@type\":\"ListItem\",\"position\":3,\"name\":\"Kunstfotografie: Fotografie: Tatanka. K\u00fcnstler: Thierry Vezon.\"}]},{\"@type\":\"WebSite\",\"@id\":\"https:\\\/\\\/www.audacieuse-galerie.ch\\\/de\\\/#website\",\"url\":\"https:\\\/\\\/www.audacieuse-galerie.ch\\\/de\\\/\",\"name\":\"Audacieuse-Galerie\",\"description\":\"Mode et Images\",\"potentialAction\":[{\"@type\":\"SearchAction\",\"target\":{\"@type\":\"EntryPoint\",\"urlTemplate\":\"https:\\\/\\\/www.audacieuse-galerie.ch\\\/de\\\/?s={search_term_string}\"},\"query-input\":{\"@type\":\"PropertyValueSpecification\",\"valueRequired\":true,\"valueName\":\"search_term_string\"}}],\"inLanguage\":\"de\"}]}<\/script>\n<!-- \/ Yoast SEO plugin. -->","yoast_head_json":{"title":"Kunstfotografie: Fotografie: Tatanka. K\u00fcnstler: Thierry Vezon. - Audacieuse-Galerie","description":"Kunstfotografie: Fotografie: Tatanka. K\u00fcnstler: Thierry Vezon. - Audacieuse-Galerie","robots":{"index":"index","follow":"follow","max-snippet":"max-snippet:-1","max-image-preview":"max-image-preview:large","max-video-preview":"max-video-preview:-1"},"canonical":"https:\/\/www.audacieuse-galerie.ch\/de\/produit\/fotografie-tatanka-kuenstler-thierry-vezon\/","og_locale":"de_DE","og_type":"article","og_title":"Kunstfotografie: Fotografie: Tatanka. K\u00fcnstler: Thierry Vezon. - Audacieuse-Galerie","og_description":"Kunstfotografie: Fotografie: Tatanka. K\u00fcnstler: Thierry Vezon. - Audacieuse-Galerie","og_url":"https:\/\/www.audacieuse-galerie.ch\/de\/produit\/fotografie-tatanka-kuenstler-thierry-vezon\/","og_site_name":"Audacieuse-Galerie","article_publisher":"https:\/\/www.facebook.com\/audacieuse.galerie","article_modified_time":"2026-08-19T10:41:29+00:00","og_image":[{"width":1000,"height":571,"url":"https:\/\/www.audacieuse-galerie.ch\/wp-content\/uploads\/2021\/06\/1317-Photographie-Tatanka.-Artiste-Thierry-Vezon.jpg","type":"image\/jpeg"}],"twitter_card":"summary_large_image","twitter_misc":{"Gesch\u00e4tzte Lesezeit":"1 Minute"},"schema":{"@context":"https:\/\/schema.org","@graph":[{"@type":"WebPage","@id":"https:\/\/www.audacieuse-galerie.ch\/de\/produit\/fotografie-tatanka-kuenstler-thierry-vezon\/","url":"https:\/\/www.audacieuse-galerie.ch\/de\/produit\/fotografie-tatanka-kuenstler-thierry-vezon\/","name":"Kunstfotografie: Fotografie: Tatanka. K\u00fcnstler: Thierry Vezon. - Audacieuse-Galerie","isPartOf":{"@id":"https:\/\/www.audacieuse-galerie.ch\/de\/#website"},"primaryImageOfPage":{"@id":"https:\/\/www.audacieuse-galerie.ch\/de\/produit\/fotografie-tatanka-kuenstler-thierry-vezon\/#primaryimage"},"image":{"@id":"https:\/\/www.audacieuse-galerie.ch\/de\/produit\/fotografie-tatanka-kuenstler-thierry-vezon\/#primaryimage"},"thumbnailUrl":"https:\/\/www.audacieuse-galerie.ch\/wp-content\/uploads\/2021\/06\/1317-Photographie-Tatanka.-Artiste-Thierry-Vezon.jpg","datePublished":"2021-06-26T15:17:36+00:00","dateModified":"2026-08-19T10:41:29+00:00","description":"Kunstfotografie: Fotografie: Tatanka. K\u00fcnstler: Thierry Vezon. - Audacieuse-Galerie","breadcrumb":{"@id":"https:\/\/www.audacieuse-galerie.ch\/de\/produit\/fotografie-tatanka-kuenstler-thierry-vezon\/#breadcrumb"},"inLanguage":"de","potentialAction":[{"@type":"ReadAction","target":["https:\/\/www.audacieuse-galerie.ch\/de\/produit\/fotografie-tatanka-kuenstler-thierry-vezon\/"]}]},{"@type":"ImageObject","inLanguage":"de","@id":"https:\/\/www.audacieuse-galerie.ch\/de\/produit\/fotografie-tatanka-kuenstler-thierry-vezon\/#primaryimage","url":"https:\/\/www.audacieuse-galerie.ch\/wp-content\/uploads\/2021\/06\/1317-Photographie-Tatanka.-Artiste-Thierry-Vezon.jpg","contentUrl":"https:\/\/www.audacieuse-galerie.ch\/wp-content\/uploads\/2021\/06\/1317-Photographie-Tatanka.-Artiste-Thierry-Vezon.jpg","width":1000,"height":571,"caption":"Foto: Tatanka. K\u00fcnstler: Thierry Vezon."},{"@type":"BreadcrumbList","@id":"https:\/\/www.audacieuse-galerie.ch\/de\/produit\/fotografie-tatanka-kuenstler-thierry-vezon\/#breadcrumb","itemListElement":[{"@type":"ListItem","position":1,"name":"Heim","item":"https:\/\/www.audacieuse-galerie.ch\/de\/"},{"@type":"ListItem","position":2,"name":"Laden","item":"https:\/\/www.audacieuse-galerie.ch\/de\/laden\/"},{"@type":"ListItem","position":3,"name":"Kunstfotografie: Fotografie: Tatanka. K\u00fcnstler: Thierry Vezon."}]},{"@type":"WebSite","@id":"https:\/\/www.audacieuse-galerie.ch\/de\/#website","url":"https:\/\/www.audacieuse-galerie.ch\/de\/","name":"Audacieuse-Galerie","description":"Mode et Images","potentialAction":[{"@type":"SearchAction","target":{"@type":"EntryPoint","urlTemplate":"https:\/\/www.audacieuse-galerie.ch\/de\/?s={search_term_string}"},"query-input":{"@type":"PropertyValueSpecification","valueRequired":true,"valueName":"search_term_string"}}],"inLanguage":"de"}]}},"jetpack_publicize_connections":[],"_links":{"self":[{"href":"https:\/\/www.audacieuse-galerie.ch\/de\/wp-json\/wp\/v2\/product\/57182","targetHints":{"allow":["GET"]}}],"collection":[{"href":"https:\/\/www.audacieuse-galerie.ch\/de\/wp-json\/wp\/v2\/product"}],"about":[{"href":"https:\/\/www.audacieuse-galerie.ch\/de\/wp-json\/wp\/v2\/types\/product"}],"replies":[{"embeddable":true,"href":"https:\/\/www.audacieuse-galerie.ch\/de\/wp-json\/wp\/v2\/comments?post=57182"}],"version-history":[{"count":1,"href":"https:\/\/www.audacieuse-galerie.ch\/de\/wp-json\/wp\/v2\/product\/57182\/revisions"}],"predecessor-version":[{"id":167001,"href":"https:\/\/www.audacieuse-galerie.ch\/de\/wp-json\/wp\/v2\/product\/57182\/revisions\/167001"}],"wp:featuredmedia":[{"embeddable":true,"href":"https:\/\/www.audacieuse-galerie.ch\/de\/wp-json\/wp\/v2\/media\/57117"}],"wp:attachment":[{"href":"https:\/\/www.audacieuse-galerie.ch\/de\/wp-json\/wp\/v2\/media?parent=57182"}],"wp:term":[{"taxonomy":"product_brand","embeddable":true,"href":"https:\/\/www.audacieuse-galerie.ch\/de\/wp-json\/wp\/v2\/product_brand?post=57182"},{"taxonomy":"product_cat","embeddable":true,"href":"https:\/\/www.audacieuse-galerie.ch\/de\/wp-json\/wp\/v2\/product_cat?post=57182"},{"taxonomy":"product_tag","embeddable":true,"href":"https:\/\/www.audacieuse-galerie.ch\/de\/wp-json\/wp\/v2\/product_tag?post=57182"}],"curies":[{"name":"wp","href":"https:\/\/api.w.org\/{rel}","templated":true}]}}