{"id":57572,"date":"2021-06-28T16:00:14","date_gmt":"2021-06-28T14:00:14","guid":{"rendered":"https:\/\/woo.audacieuse-galerie.ch\/produit\/fotografie-nach-der-anstrengung\/"},"modified":"2026-08-19T12:19:06","modified_gmt":"2026-08-19T10:19:06","slug":"fotografie-nach-der-anstrengung","status":"publish","type":"product","link":"https:\/\/www.audacieuse-galerie.ch\/de\/produit\/fotografie-nach-der-anstrengung\/","title":{"rendered":"Fine Art Photography: Fotografie: Nach der \u00dcbung"},"content":{"rendered":"<p>Wir bieten &#8218;After the effort&#8216; an, ein Originalfoto, das im Laufe der Zeit eine pers\u00f6nliche Dimension erh\u00e4lt, auf Hahnem\u00fchle Fine Art Papier gedruckt und optional in einer amerikanischen Kiste gerahmt.<\/p>\n<p>Dieses Originalfoto wurde wegen der Koh\u00e4renz seiner k\u00fcnstlerischen Sprache und der Qualit\u00e4t des kontemplativen Erlebnisses ausgew\u00e4hlt. Im Laufe der Jahre sind einige Werke viel mehr als nur dekorative Elemente geworden. Sie sind in die Geschichte eines Ortes integriert, begleiten Lebensmomente und erhalten eine tief pers\u00f6nliche Dimension.  <\/p>\n<p>Jedes Exemplar stammt aus einer limitierten und nummerierten Auflage. Diese Seltenheit tr\u00e4gt dazu bei, den exklusiven Charakter des Werks zu bewahren und seine Einzigartigkeit zu unterstreichen. Das Foto wird von einem Echtheitszertifikat begleitet, das vom fotografischen K\u00fcnstler unterschrieben ist und seine Herkunft und \u00dcbereinstimmung mit der offiziellen Ausgabe garantiert.  <\/p>\n<p>Kunstfotografie aus der Serie &#8222;Arctic, a world on borrowed time&#8220;. Die Hunde, im Schnee zusammengesunken, fast so wei\u00df wie Schnee, sprechen von Abschied und Abenteuer. Von bitterer Hingabe. Von Ausdauer zu Schmerz&#8230; Der leere Schlitten spricht von Einsamkeit oder Abwesenheit. In der Ferne wiegt das metallische Wasser einer Bucht mit all seinem Gewicht des Geheimnisses. Doch was vor allem fasziniert, was den Blick h\u00e4lt und erinnert, ist dieser leuchtende Fleck einer unentschlossenen Sonne, ob sie geboren wird oder stirbt. Es ist der Morgen, an dem die D\u00e4mmerung der Welt und das Rot der Geschirre kommen, um eine saure und saure Linie in diese Blindheit zu legen.     <\/p>\n","protected":false},"excerpt":{"rendered":"<p>Kunstfotografie aus der Serie &#8222;Arctic, a world on borrowed time&#8220;. Die Hunde, im Schnee zusammengesunken, fast so wei\u00df wie Schnee, sprechen von Abschied und Abenteuer. Von bitterer Hingabe. Entdecken Sie &#8218;After the Effort&#8216;, eine Kunstfotografie, die eine bewegte Vision widerspiegelt, bei der Licht und Schatten eine introspektive Atmosph\u00e4re schaffen, wobei jeder Druck vom Fotografen nummeriert und in einer strikt limitierten Auflage erstellt wird.  <\/p>\n<p>Ausgew\u00e4hlt wegen der Originalit\u00e4t seines Blicks und der Qualit\u00e4t seiner Komposition, verk\u00f6rpert dieses Foto eine k\u00fcnstlerische Vision, in der Sensibilit\u00e4t mit technischer Meisterschaft in Dialog tritt. Es l\u00e4dt uns ein, den Rhythmus des Blicks zu verlangsamen und die ausdrucksvolle Kraft des Bildes wiederzuentdecken. Ihr Interesse liegt nicht nur in dem, was sie repr\u00e4sentiert, sondern auch in den Emotionen, Erinnerungen und Reflexionen, die sie hervorrufen kann.  <\/p>\n","protected":false},"featured_media":57507,"comment_status":"open","ping_status":"closed","template":"","meta":{"_glsr_average":0,"_glsr_ranking":0,"_glsr_reviews":0,"jetpack_publicize_message":"","jetpack_publicize_feature_enabled":true,"jetpack_social_post_already_shared":true,"jetpack_social_options":{"image_generator_settings":{"template":"highway","default_image_id":0,"font":"","enabled":false},"version":2}},"product_brand":[],"product_cat":[189,111,2203,240,237,246,243],"product_tag":[],"class_list":["post-57572","product","type-product","status-publish","has-post-thumbnail","product_cat-amerika","product_cat-farben","product_cat-fotograf-thierry-vezon","product_cat-landschaftsbilder","product_cat-natur","product_cat-sport-de","product_cat-tierwelt","pa_dimensions-40x40cm-de","pa_dimensions-60x60cm-de","pa_dimensions-80x80cm-de","pa_encadrements-creme-de","pa_encadrements-dunklesholz-de","pa_encadrements-grau-de","pa_encadrements-hellesholz-de","pa_encadrements-keinen-de","pa_encadrements-schwarz-de","pa_encadrements-weiss-de","pa_oeuvresnumerotees_limitees-15exemplaren-de","pa_protectionfinitionsupport-druckunterglasacrylglass-de","pa_protectionfinitionsupport-e4-kunstpapieraufholzplatteu-de","pa_protectionfinitionsupport-20-kunstpapieraufdibondr_alu-de","pa_techniquesphotographiques-farbe-de","pa_themesphotographiques-amerika-de","pa_themesphotographiques-landschaft-de","pa_themesphotographiques-natur-de","pa_themesphotographiques-tierwelt-de","first","instock","taxable","shipping-taxable","purchasable","product-type-variable","has-default-attributes"],"yoast_head":"<!-- This site is optimized with the Yoast SEO plugin v28.3 - https:\/\/yoast.com\/product\/yoast-seo-wordpress\/ -->\n<title>Fine Art Photography: Fotografie: Nach der \u00dcbung - Audacieuse-Galerie<\/title>\n<meta name=\"description\" content=\"Fine Art Photography: Fotografie: Nach der \u00dcbung - Audacieuse-Galerie\" \/>\n<meta name=\"robots\" content=\"index, follow, max-snippet:-1, max-image-preview:large, max-video-preview:-1\" \/>\n<link rel=\"canonical\" href=\"https:\/\/www.audacieuse-galerie.ch\/de\/produit\/fotografie-nach-der-anstrengung\/\" \/>\n<meta property=\"og:locale\" content=\"de_DE\" \/>\n<meta property=\"og:type\" content=\"article\" \/>\n<meta property=\"og:title\" content=\"Fine Art Photography: Fotografie: Nach der \u00dcbung - Audacieuse-Galerie\" \/>\n<meta property=\"og:description\" content=\"Fine Art Photography: Fotografie: Nach der \u00dcbung - Audacieuse-Galerie\" \/>\n<meta property=\"og:url\" content=\"https:\/\/www.audacieuse-galerie.ch\/de\/produit\/fotografie-nach-der-anstrengung\/\" \/>\n<meta property=\"og:site_name\" content=\"Audacieuse-Galerie\" \/>\n<meta property=\"article:publisher\" content=\"https:\/\/www.facebook.com\/audacieuse.galerie\" \/>\n<meta property=\"article:modified_time\" content=\"2026-08-19T10:19:06+00:00\" \/>\n<meta property=\"og:image\" content=\"https:\/\/www.audacieuse-galerie.ch\/wp-content\/uploads\/2021\/06\/995-Photographie-Apres-leffort.jpg\" \/>\n\t<meta property=\"og:image:width\" content=\"1000\" \/>\n\t<meta property=\"og:image:height\" content=\"1000\" \/>\n\t<meta property=\"og:image:type\" content=\"image\/jpeg\" \/>\n<meta name=\"twitter:card\" content=\"summary_large_image\" \/>\n<meta name=\"twitter:label1\" content=\"Gesch\u00e4tzte Lesezeit\" \/>\n\t<meta name=\"twitter:data1\" content=\"1 Minute\" \/>\n<script type=\"application\/ld+json\" class=\"yoast-schema-graph\">{\"@context\":\"https:\\\/\\\/schema.org\",\"@graph\":[{\"@type\":\"WebPage\",\"@id\":\"https:\\\/\\\/www.audacieuse-galerie.ch\\\/de\\\/produit\\\/fotografie-nach-der-anstrengung\\\/\",\"url\":\"https:\\\/\\\/www.audacieuse-galerie.ch\\\/de\\\/produit\\\/fotografie-nach-der-anstrengung\\\/\",\"name\":\"Fine Art Photography: Fotografie: Nach der \u00dcbung - Audacieuse-Galerie\",\"isPartOf\":{\"@id\":\"https:\\\/\\\/www.audacieuse-galerie.ch\\\/de\\\/#website\"},\"primaryImageOfPage\":{\"@id\":\"https:\\\/\\\/www.audacieuse-galerie.ch\\\/de\\\/produit\\\/fotografie-nach-der-anstrengung\\\/#primaryimage\"},\"image\":{\"@id\":\"https:\\\/\\\/www.audacieuse-galerie.ch\\\/de\\\/produit\\\/fotografie-nach-der-anstrengung\\\/#primaryimage\"},\"thumbnailUrl\":\"https:\\\/\\\/www.audacieuse-galerie.ch\\\/wp-content\\\/uploads\\\/2021\\\/06\\\/995-Photographie-Apres-leffort.jpg\",\"datePublished\":\"2021-06-28T14:00:14+00:00\",\"dateModified\":\"2026-08-19T10:19:06+00:00\",\"description\":\"Fine Art Photography: Fotografie: Nach der \u00dcbung - Audacieuse-Galerie\",\"breadcrumb\":{\"@id\":\"https:\\\/\\\/www.audacieuse-galerie.ch\\\/de\\\/produit\\\/fotografie-nach-der-anstrengung\\\/#breadcrumb\"},\"inLanguage\":\"de\",\"potentialAction\":[{\"@type\":\"ReadAction\",\"target\":[\"https:\\\/\\\/www.audacieuse-galerie.ch\\\/de\\\/produit\\\/fotografie-nach-der-anstrengung\\\/\"]}]},{\"@type\":\"ImageObject\",\"inLanguage\":\"de\",\"@id\":\"https:\\\/\\\/www.audacieuse-galerie.ch\\\/de\\\/produit\\\/fotografie-nach-der-anstrengung\\\/#primaryimage\",\"url\":\"https:\\\/\\\/www.audacieuse-galerie.ch\\\/wp-content\\\/uploads\\\/2021\\\/06\\\/995-Photographie-Apres-leffort.jpg\",\"contentUrl\":\"https:\\\/\\\/www.audacieuse-galerie.ch\\\/wp-content\\\/uploads\\\/2021\\\/06\\\/995-Photographie-Apres-leffort.jpg\",\"width\":1000,\"height\":1000,\"caption\":\"Fotografie: Nach dem Sport\"},{\"@type\":\"BreadcrumbList\",\"@id\":\"https:\\\/\\\/www.audacieuse-galerie.ch\\\/de\\\/produit\\\/fotografie-nach-der-anstrengung\\\/#breadcrumb\",\"itemListElement\":[{\"@type\":\"ListItem\",\"position\":1,\"name\":\"Heim\",\"item\":\"https:\\\/\\\/www.audacieuse-galerie.ch\\\/de\\\/\"},{\"@type\":\"ListItem\",\"position\":2,\"name\":\"Laden\",\"item\":\"https:\\\/\\\/www.audacieuse-galerie.ch\\\/de\\\/laden\\\/\"},{\"@type\":\"ListItem\",\"position\":3,\"name\":\"Fine Art Photography: Fotografie: Nach der \u00dcbung\"}]},{\"@type\":\"WebSite\",\"@id\":\"https:\\\/\\\/www.audacieuse-galerie.ch\\\/de\\\/#website\",\"url\":\"https:\\\/\\\/www.audacieuse-galerie.ch\\\/de\\\/\",\"name\":\"Audacieuse-Galerie\",\"description\":\"Mode et Images\",\"potentialAction\":[{\"@type\":\"SearchAction\",\"target\":{\"@type\":\"EntryPoint\",\"urlTemplate\":\"https:\\\/\\\/www.audacieuse-galerie.ch\\\/de\\\/?s={search_term_string}\"},\"query-input\":{\"@type\":\"PropertyValueSpecification\",\"valueRequired\":true,\"valueName\":\"search_term_string\"}}],\"inLanguage\":\"de\"}]}<\/script>\n<!-- \/ Yoast SEO plugin. -->","yoast_head_json":{"title":"Fine Art Photography: Fotografie: Nach der \u00dcbung - Audacieuse-Galerie","description":"Fine Art Photography: Fotografie: Nach der \u00dcbung - Audacieuse-Galerie","robots":{"index":"index","follow":"follow","max-snippet":"max-snippet:-1","max-image-preview":"max-image-preview:large","max-video-preview":"max-video-preview:-1"},"canonical":"https:\/\/www.audacieuse-galerie.ch\/de\/produit\/fotografie-nach-der-anstrengung\/","og_locale":"de_DE","og_type":"article","og_title":"Fine Art Photography: Fotografie: Nach der \u00dcbung - Audacieuse-Galerie","og_description":"Fine Art Photography: Fotografie: Nach der \u00dcbung - Audacieuse-Galerie","og_url":"https:\/\/www.audacieuse-galerie.ch\/de\/produit\/fotografie-nach-der-anstrengung\/","og_site_name":"Audacieuse-Galerie","article_publisher":"https:\/\/www.facebook.com\/audacieuse.galerie","article_modified_time":"2026-08-19T10:19:06+00:00","og_image":[{"width":1000,"height":1000,"url":"https:\/\/www.audacieuse-galerie.ch\/wp-content\/uploads\/2021\/06\/995-Photographie-Apres-leffort.jpg","type":"image\/jpeg"}],"twitter_card":"summary_large_image","twitter_misc":{"Gesch\u00e4tzte Lesezeit":"1 Minute"},"schema":{"@context":"https:\/\/schema.org","@graph":[{"@type":"WebPage","@id":"https:\/\/www.audacieuse-galerie.ch\/de\/produit\/fotografie-nach-der-anstrengung\/","url":"https:\/\/www.audacieuse-galerie.ch\/de\/produit\/fotografie-nach-der-anstrengung\/","name":"Fine Art Photography: Fotografie: Nach der \u00dcbung - Audacieuse-Galerie","isPartOf":{"@id":"https:\/\/www.audacieuse-galerie.ch\/de\/#website"},"primaryImageOfPage":{"@id":"https:\/\/www.audacieuse-galerie.ch\/de\/produit\/fotografie-nach-der-anstrengung\/#primaryimage"},"image":{"@id":"https:\/\/www.audacieuse-galerie.ch\/de\/produit\/fotografie-nach-der-anstrengung\/#primaryimage"},"thumbnailUrl":"https:\/\/www.audacieuse-galerie.ch\/wp-content\/uploads\/2021\/06\/995-Photographie-Apres-leffort.jpg","datePublished":"2021-06-28T14:00:14+00:00","dateModified":"2026-08-19T10:19:06+00:00","description":"Fine Art Photography: Fotografie: Nach der \u00dcbung - Audacieuse-Galerie","breadcrumb":{"@id":"https:\/\/www.audacieuse-galerie.ch\/de\/produit\/fotografie-nach-der-anstrengung\/#breadcrumb"},"inLanguage":"de","potentialAction":[{"@type":"ReadAction","target":["https:\/\/www.audacieuse-galerie.ch\/de\/produit\/fotografie-nach-der-anstrengung\/"]}]},{"@type":"ImageObject","inLanguage":"de","@id":"https:\/\/www.audacieuse-galerie.ch\/de\/produit\/fotografie-nach-der-anstrengung\/#primaryimage","url":"https:\/\/www.audacieuse-galerie.ch\/wp-content\/uploads\/2021\/06\/995-Photographie-Apres-leffort.jpg","contentUrl":"https:\/\/www.audacieuse-galerie.ch\/wp-content\/uploads\/2021\/06\/995-Photographie-Apres-leffort.jpg","width":1000,"height":1000,"caption":"Fotografie: Nach dem Sport"},{"@type":"BreadcrumbList","@id":"https:\/\/www.audacieuse-galerie.ch\/de\/produit\/fotografie-nach-der-anstrengung\/#breadcrumb","itemListElement":[{"@type":"ListItem","position":1,"name":"Heim","item":"https:\/\/www.audacieuse-galerie.ch\/de\/"},{"@type":"ListItem","position":2,"name":"Laden","item":"https:\/\/www.audacieuse-galerie.ch\/de\/laden\/"},{"@type":"ListItem","position":3,"name":"Fine Art Photography: Fotografie: Nach der \u00dcbung"}]},{"@type":"WebSite","@id":"https:\/\/www.audacieuse-galerie.ch\/de\/#website","url":"https:\/\/www.audacieuse-galerie.ch\/de\/","name":"Audacieuse-Galerie","description":"Mode et Images","potentialAction":[{"@type":"SearchAction","target":{"@type":"EntryPoint","urlTemplate":"https:\/\/www.audacieuse-galerie.ch\/de\/?s={search_term_string}"},"query-input":{"@type":"PropertyValueSpecification","valueRequired":true,"valueName":"search_term_string"}}],"inLanguage":"de"}]}},"jetpack_publicize_connections":[],"_links":{"self":[{"href":"https:\/\/www.audacieuse-galerie.ch\/de\/wp-json\/wp\/v2\/product\/57572","targetHints":{"allow":["GET"]}}],"collection":[{"href":"https:\/\/www.audacieuse-galerie.ch\/de\/wp-json\/wp\/v2\/product"}],"about":[{"href":"https:\/\/www.audacieuse-galerie.ch\/de\/wp-json\/wp\/v2\/types\/product"}],"replies":[{"embeddable":true,"href":"https:\/\/www.audacieuse-galerie.ch\/de\/wp-json\/wp\/v2\/comments?post=57572"}],"version-history":[{"count":2,"href":"https:\/\/www.audacieuse-galerie.ch\/de\/wp-json\/wp\/v2\/product\/57572\/revisions"}],"predecessor-version":[{"id":166993,"href":"https:\/\/www.audacieuse-galerie.ch\/de\/wp-json\/wp\/v2\/product\/57572\/revisions\/166993"}],"wp:featuredmedia":[{"embeddable":true,"href":"https:\/\/www.audacieuse-galerie.ch\/de\/wp-json\/wp\/v2\/media\/57507"}],"wp:attachment":[{"href":"https:\/\/www.audacieuse-galerie.ch\/de\/wp-json\/wp\/v2\/media?parent=57572"}],"wp:term":[{"taxonomy":"product_brand","embeddable":true,"href":"https:\/\/www.audacieuse-galerie.ch\/de\/wp-json\/wp\/v2\/product_brand?post=57572"},{"taxonomy":"product_cat","embeddable":true,"href":"https:\/\/www.audacieuse-galerie.ch\/de\/wp-json\/wp\/v2\/product_cat?post=57572"},{"taxonomy":"product_tag","embeddable":true,"href":"https:\/\/www.audacieuse-galerie.ch\/de\/wp-json\/wp\/v2\/product_tag?post=57572"}],"curies":[{"name":"wp","href":"https:\/\/api.w.org\/{rel}","templated":true}]}}