{"id":68844,"date":"2023-04-22T17:01:11","date_gmt":"2023-04-22T15:01:11","guid":{"rendered":"https:\/\/woo.audacieuse-galerie.ch\/produit\/box-iii-ein-sonnenstrahl-kunstfotografie\/"},"modified":"2026-08-20T15:27:59","modified_gmt":"2026-08-20T13:27:59","slug":"box-iii-ein-sonnenstrahl-kunstfotografie","status":"publish","type":"product","link":"https:\/\/www.audacieuse-galerie.ch\/de\/produit\/box-iii-ein-sonnenstrahl-kunstfotografie\/","title":{"rendered":"Kasten III, ein Sonnenstrahl. Kunstfotografie"},"content":{"rendered":"<p>Wir pr\u00e4sentieren &#8218;Box III, ein Sonnenstrahl&#8216;, ein Kunstfoto, das eine besondere Beziehung zum Betrachter aufbaut, gedruckt auf Fine Art Hahnem\u00fchle-Papier und optional in einer amerikanischen Kiste gerahmt. Im angrenzenden Raum mit dem Ofen ein Sonnenstrahl. Die W\u00e4nde sind von Kronleuchtern mit industriellen Aktivit\u00e4ten gepr\u00e4gt. In Transparenz gekleidet denkt Katia an Twilight.   <\/p>\n<p>Diese urspr\u00fcngliche Sch\u00f6pfung wurde wegen der Qualit\u00e4t ihrer Vision und der Koh\u00e4renz ihres k\u00fcnstlerischen Universums ausgew\u00e4hlt. Sie baut eine besondere Beziehung zu ihrem Beobachter auf, eine Beziehung, die sich \u00fcber Jahre und Lebenserfahrungen entwickelt. Ein gro\u00dfartiges Foto wird nie vollst\u00e4ndig enth\u00fcllt; Es bewahrt dennoch einen Teil des Geheimnisses, der die Fantasie n\u00e4hrt.  <\/p>\n<p>Das Werk wird in einer begrenzten Anzahl von Exemplaren ver\u00f6ffentlicht und profitiert von der individuellen Nummerierung. Jeder Abzug wird von einem Echtheitszertifikat begleitet, das vom fotografischen K\u00fcnstler unterschrieben ist. <\/p>\n<p>An der Schnittstelle technischer Meisterschaft und k\u00fcnstlerischer Absicht wurde dieses fotografische Werk wegen seiner F\u00e4higkeit, eine aufrichtige und nachhaltige Emotion hervorzurufen, ausgew\u00e4hlt. Es bietet eine seltene Balance zwischen visueller St\u00e4rke und Zartheit, sodass jeder seine eigene Geschichte darauf \u00fcbertragen kann. <\/p>\n","protected":false},"excerpt":{"rendered":"<p>In dem Raum, der an den Raum angrenzt, in dem sich der Ofen befindet, ein Sonnenstrahl. Die W\u00e4nde sind von Kronleuchtern industrieller Aktivit\u00e4t gepr\u00e4gt. In Transparenz gekleidet, denkt Katia an die D\u00e4mmerung.   Box III, ein Sonnenstrahl, signierte und nummerierte Fotografie, gedruckt auf der Hahnem\u00fchle.<\/p>\n<p>Dieses Werk wurde wegen der Qualit\u00e4t seines k\u00fcnstlerischen Ausdrucks und der subtilen Emotion, die es vermittelt, ausgew\u00e4hlt. Sie ist Teil eines Ansatzes, bei dem die Fotografie zu einer eigenen Sprache wird, die mehr andeuten kann, als sie beschreibt. Ihre Kraft liegt in dieser empfindlichen Spannung zwischen Beweis und Geheimnis, zwischen unmittelbarer Pr\u00e4senz und fortschreitender Entdeckung.  <\/p>\n<p>Jede Kopie wird mit einem Echtheitszertifikat geliefert, das vom K\u00fcnstlerfotografen unterschrieben ist. Dieses offizielle Dokument garantiert den Ursprung des Werks und unterstreicht seinen Wert in der Ausgabe, aus der es stammt. <\/p>\n","protected":false},"featured_media":68779,"comment_status":"open","ping_status":"closed","template":"","meta":{"_glsr_average":0,"_glsr_ranking":0,"_glsr_reviews":0,"jetpack_publicize_message":"","jetpack_publicize_feature_enabled":true,"jetpack_social_post_already_shared":true,"jetpack_social_options":{"image_generator_settings":{"template":"highway","default_image_id":0,"font":"","enabled":false},"version":2}},"product_brand":[],"product_cat":[111,2223,228,108,171,234],"product_tag":[],"class_list":["post-68844","product","type-product","status-publish","has-post-thumbnail","product_cat-farben","product_cat-fotograf-alexandre-pierre-albert","product_cat-innen","product_cat-mensch","product_cat-kunstlerischen-aktfotografien","product_cat-staedtisch","pa_dimensions-30x40cm-de","pa_dimensions-50x65cm-de","pa_dimensions-60x80cm-de","pa_encadrements-creme-de","pa_encadrements-dunklesholz-de","pa_encadrements-grau-de","pa_encadrements-hellesholz-de","pa_encadrements-keinen-de","pa_encadrements-schwarz-de","pa_encadrements-weiss-de","pa_oeuvresnumerotees_limitees-30exemplaren-de","pa_papiers-barytpapier-de","pa_protectionfinitionsupport-druckunterglasacrylglass-de","pa_protectionfinitionsupport-e4-kunstpapieraufholzplatteu-de","pa_protectionfinitionsupport-20-kunstpapieraufdibondr_alu-de","pa_techniquesphotographiques-farbe-de","pa_themesphotographiques-innen-de","pa_themesphotographiques-mensch-de","pa_themesphotographiques-nackt-de","pa_themesphotographiques-stadtisch-de","first","instock","taxable","shipping-taxable","purchasable","product-type-variable","has-default-attributes"],"yoast_head":"<!-- This site is optimized with the Yoast SEO plugin v28.3 - https:\/\/yoast.com\/product\/yoast-seo-wordpress\/ -->\n<title>Kasten III, ein Sonnenstrahl. Kunstfotografie - Audacieuse-Galerie<\/title>\n<meta name=\"description\" content=\"Kasten III, ein Sonnenstrahl. Kunstfotografie - Audacieuse-Galerie\" \/>\n<meta name=\"robots\" content=\"index, follow, max-snippet:-1, max-image-preview:large, max-video-preview:-1\" \/>\n<link rel=\"canonical\" href=\"https:\/\/www.audacieuse-galerie.ch\/de\/produit\/box-iii-ein-sonnenstrahl-kunstfotografie\/\" \/>\n<meta property=\"og:locale\" content=\"de_DE\" \/>\n<meta property=\"og:type\" content=\"article\" \/>\n<meta property=\"og:title\" content=\"Kasten III, ein Sonnenstrahl. Kunstfotografie - Audacieuse-Galerie\" \/>\n<meta property=\"og:description\" content=\"Kasten III, ein Sonnenstrahl. Kunstfotografie - Audacieuse-Galerie\" \/>\n<meta property=\"og:url\" content=\"https:\/\/www.audacieuse-galerie.ch\/de\/produit\/box-iii-ein-sonnenstrahl-kunstfotografie\/\" \/>\n<meta property=\"og:site_name\" content=\"Audacieuse-Galerie\" \/>\n<meta property=\"article:publisher\" content=\"https:\/\/www.facebook.com\/audacieuse.galerie\" \/>\n<meta property=\"article:modified_time\" content=\"2026-08-20T13:27:59+00:00\" \/>\n<meta property=\"og:image\" content=\"https:\/\/www.audacieuse-galerie.ch\/wp-content\/uploads\/2023\/04\/1430-La-boite-III-un-rai-de-soleil.-Photographie-dart.jpg\" \/>\n\t<meta property=\"og:image:width\" content=\"749\" \/>\n\t<meta property=\"og:image:height\" content=\"1000\" \/>\n\t<meta property=\"og:image:type\" content=\"image\/jpeg\" \/>\n<meta name=\"twitter:card\" content=\"summary_large_image\" \/>\n<meta name=\"twitter:label1\" content=\"Gesch\u00e4tzte Lesezeit\" \/>\n\t<meta name=\"twitter:data1\" content=\"1 Minute\" \/>\n<script type=\"application\/ld+json\" class=\"yoast-schema-graph\">{\"@context\":\"https:\\\/\\\/schema.org\",\"@graph\":[{\"@type\":\"WebPage\",\"@id\":\"https:\\\/\\\/www.audacieuse-galerie.ch\\\/de\\\/produit\\\/box-iii-ein-sonnenstrahl-kunstfotografie\\\/\",\"url\":\"https:\\\/\\\/www.audacieuse-galerie.ch\\\/de\\\/produit\\\/box-iii-ein-sonnenstrahl-kunstfotografie\\\/\",\"name\":\"Kasten III, ein Sonnenstrahl. Kunstfotografie - Audacieuse-Galerie\",\"isPartOf\":{\"@id\":\"https:\\\/\\\/www.audacieuse-galerie.ch\\\/de\\\/#website\"},\"primaryImageOfPage\":{\"@id\":\"https:\\\/\\\/www.audacieuse-galerie.ch\\\/de\\\/produit\\\/box-iii-ein-sonnenstrahl-kunstfotografie\\\/#primaryimage\"},\"image\":{\"@id\":\"https:\\\/\\\/www.audacieuse-galerie.ch\\\/de\\\/produit\\\/box-iii-ein-sonnenstrahl-kunstfotografie\\\/#primaryimage\"},\"thumbnailUrl\":\"https:\\\/\\\/www.audacieuse-galerie.ch\\\/wp-content\\\/uploads\\\/2023\\\/04\\\/1430-La-boite-III-un-rai-de-soleil.-Photographie-dart.jpg\",\"datePublished\":\"2023-04-22T15:01:11+00:00\",\"dateModified\":\"2026-08-20T13:27:59+00:00\",\"description\":\"Kasten III, ein Sonnenstrahl. Kunstfotografie - Audacieuse-Galerie\",\"breadcrumb\":{\"@id\":\"https:\\\/\\\/www.audacieuse-galerie.ch\\\/de\\\/produit\\\/box-iii-ein-sonnenstrahl-kunstfotografie\\\/#breadcrumb\"},\"inLanguage\":\"de\",\"potentialAction\":[{\"@type\":\"ReadAction\",\"target\":[\"https:\\\/\\\/www.audacieuse-galerie.ch\\\/de\\\/produit\\\/box-iii-ein-sonnenstrahl-kunstfotografie\\\/\"]}]},{\"@type\":\"ImageObject\",\"inLanguage\":\"de\",\"@id\":\"https:\\\/\\\/www.audacieuse-galerie.ch\\\/de\\\/produit\\\/box-iii-ein-sonnenstrahl-kunstfotografie\\\/#primaryimage\",\"url\":\"https:\\\/\\\/www.audacieuse-galerie.ch\\\/wp-content\\\/uploads\\\/2023\\\/04\\\/1430-La-boite-III-un-rai-de-soleil.-Photographie-dart.jpg\",\"contentUrl\":\"https:\\\/\\\/www.audacieuse-galerie.ch\\\/wp-content\\\/uploads\\\/2023\\\/04\\\/1430-La-boite-III-un-rai-de-soleil.-Photographie-dart.jpg\",\"width\":749,\"height\":1000,\"caption\":\"Kasten III, ein Sonnenstrahl. Kunstfotografie\"},{\"@type\":\"BreadcrumbList\",\"@id\":\"https:\\\/\\\/www.audacieuse-galerie.ch\\\/de\\\/produit\\\/box-iii-ein-sonnenstrahl-kunstfotografie\\\/#breadcrumb\",\"itemListElement\":[{\"@type\":\"ListItem\",\"position\":1,\"name\":\"Heim\",\"item\":\"https:\\\/\\\/www.audacieuse-galerie.ch\\\/de\\\/\"},{\"@type\":\"ListItem\",\"position\":2,\"name\":\"Laden\",\"item\":\"https:\\\/\\\/www.audacieuse-galerie.ch\\\/de\\\/laden\\\/\"},{\"@type\":\"ListItem\",\"position\":3,\"name\":\"Kasten III, ein Sonnenstrahl. Kunstfotografie\"}]},{\"@type\":\"WebSite\",\"@id\":\"https:\\\/\\\/www.audacieuse-galerie.ch\\\/de\\\/#website\",\"url\":\"https:\\\/\\\/www.audacieuse-galerie.ch\\\/de\\\/\",\"name\":\"Audacieuse-Galerie\",\"description\":\"Mode et Images\",\"potentialAction\":[{\"@type\":\"SearchAction\",\"target\":{\"@type\":\"EntryPoint\",\"urlTemplate\":\"https:\\\/\\\/www.audacieuse-galerie.ch\\\/de\\\/?s={search_term_string}\"},\"query-input\":{\"@type\":\"PropertyValueSpecification\",\"valueRequired\":true,\"valueName\":\"search_term_string\"}}],\"inLanguage\":\"de\"}]}<\/script>\n<!-- \/ Yoast SEO plugin. -->","yoast_head_json":{"title":"Kasten III, ein Sonnenstrahl. Kunstfotografie - Audacieuse-Galerie","description":"Kasten III, ein Sonnenstrahl. Kunstfotografie - Audacieuse-Galerie","robots":{"index":"index","follow":"follow","max-snippet":"max-snippet:-1","max-image-preview":"max-image-preview:large","max-video-preview":"max-video-preview:-1"},"canonical":"https:\/\/www.audacieuse-galerie.ch\/de\/produit\/box-iii-ein-sonnenstrahl-kunstfotografie\/","og_locale":"de_DE","og_type":"article","og_title":"Kasten III, ein Sonnenstrahl. Kunstfotografie - Audacieuse-Galerie","og_description":"Kasten III, ein Sonnenstrahl. Kunstfotografie - Audacieuse-Galerie","og_url":"https:\/\/www.audacieuse-galerie.ch\/de\/produit\/box-iii-ein-sonnenstrahl-kunstfotografie\/","og_site_name":"Audacieuse-Galerie","article_publisher":"https:\/\/www.facebook.com\/audacieuse.galerie","article_modified_time":"2026-08-20T13:27:59+00:00","og_image":[{"width":749,"height":1000,"url":"https:\/\/www.audacieuse-galerie.ch\/wp-content\/uploads\/2023\/04\/1430-La-boite-III-un-rai-de-soleil.-Photographie-dart.jpg","type":"image\/jpeg"}],"twitter_card":"summary_large_image","twitter_misc":{"Gesch\u00e4tzte Lesezeit":"1 Minute"},"schema":{"@context":"https:\/\/schema.org","@graph":[{"@type":"WebPage","@id":"https:\/\/www.audacieuse-galerie.ch\/de\/produit\/box-iii-ein-sonnenstrahl-kunstfotografie\/","url":"https:\/\/www.audacieuse-galerie.ch\/de\/produit\/box-iii-ein-sonnenstrahl-kunstfotografie\/","name":"Kasten III, ein Sonnenstrahl. Kunstfotografie - Audacieuse-Galerie","isPartOf":{"@id":"https:\/\/www.audacieuse-galerie.ch\/de\/#website"},"primaryImageOfPage":{"@id":"https:\/\/www.audacieuse-galerie.ch\/de\/produit\/box-iii-ein-sonnenstrahl-kunstfotografie\/#primaryimage"},"image":{"@id":"https:\/\/www.audacieuse-galerie.ch\/de\/produit\/box-iii-ein-sonnenstrahl-kunstfotografie\/#primaryimage"},"thumbnailUrl":"https:\/\/www.audacieuse-galerie.ch\/wp-content\/uploads\/2023\/04\/1430-La-boite-III-un-rai-de-soleil.-Photographie-dart.jpg","datePublished":"2023-04-22T15:01:11+00:00","dateModified":"2026-08-20T13:27:59+00:00","description":"Kasten III, ein Sonnenstrahl. Kunstfotografie - Audacieuse-Galerie","breadcrumb":{"@id":"https:\/\/www.audacieuse-galerie.ch\/de\/produit\/box-iii-ein-sonnenstrahl-kunstfotografie\/#breadcrumb"},"inLanguage":"de","potentialAction":[{"@type":"ReadAction","target":["https:\/\/www.audacieuse-galerie.ch\/de\/produit\/box-iii-ein-sonnenstrahl-kunstfotografie\/"]}]},{"@type":"ImageObject","inLanguage":"de","@id":"https:\/\/www.audacieuse-galerie.ch\/de\/produit\/box-iii-ein-sonnenstrahl-kunstfotografie\/#primaryimage","url":"https:\/\/www.audacieuse-galerie.ch\/wp-content\/uploads\/2023\/04\/1430-La-boite-III-un-rai-de-soleil.-Photographie-dart.jpg","contentUrl":"https:\/\/www.audacieuse-galerie.ch\/wp-content\/uploads\/2023\/04\/1430-La-boite-III-un-rai-de-soleil.-Photographie-dart.jpg","width":749,"height":1000,"caption":"Kasten III, ein Sonnenstrahl. Kunstfotografie"},{"@type":"BreadcrumbList","@id":"https:\/\/www.audacieuse-galerie.ch\/de\/produit\/box-iii-ein-sonnenstrahl-kunstfotografie\/#breadcrumb","itemListElement":[{"@type":"ListItem","position":1,"name":"Heim","item":"https:\/\/www.audacieuse-galerie.ch\/de\/"},{"@type":"ListItem","position":2,"name":"Laden","item":"https:\/\/www.audacieuse-galerie.ch\/de\/laden\/"},{"@type":"ListItem","position":3,"name":"Kasten III, ein Sonnenstrahl. Kunstfotografie"}]},{"@type":"WebSite","@id":"https:\/\/www.audacieuse-galerie.ch\/de\/#website","url":"https:\/\/www.audacieuse-galerie.ch\/de\/","name":"Audacieuse-Galerie","description":"Mode et Images","potentialAction":[{"@type":"SearchAction","target":{"@type":"EntryPoint","urlTemplate":"https:\/\/www.audacieuse-galerie.ch\/de\/?s={search_term_string}"},"query-input":{"@type":"PropertyValueSpecification","valueRequired":true,"valueName":"search_term_string"}}],"inLanguage":"de"}]}},"jetpack_publicize_connections":[],"_links":{"self":[{"href":"https:\/\/www.audacieuse-galerie.ch\/de\/wp-json\/wp\/v2\/product\/68844","targetHints":{"allow":["GET"]}}],"collection":[{"href":"https:\/\/www.audacieuse-galerie.ch\/de\/wp-json\/wp\/v2\/product"}],"about":[{"href":"https:\/\/www.audacieuse-galerie.ch\/de\/wp-json\/wp\/v2\/types\/product"}],"replies":[{"embeddable":true,"href":"https:\/\/www.audacieuse-galerie.ch\/de\/wp-json\/wp\/v2\/comments?post=68844"}],"version-history":[{"count":1,"href":"https:\/\/www.audacieuse-galerie.ch\/de\/wp-json\/wp\/v2\/product\/68844\/revisions"}],"predecessor-version":[{"id":167133,"href":"https:\/\/www.audacieuse-galerie.ch\/de\/wp-json\/wp\/v2\/product\/68844\/revisions\/167133"}],"wp:featuredmedia":[{"embeddable":true,"href":"https:\/\/www.audacieuse-galerie.ch\/de\/wp-json\/wp\/v2\/media\/68779"}],"wp:attachment":[{"href":"https:\/\/www.audacieuse-galerie.ch\/de\/wp-json\/wp\/v2\/media?parent=68844"}],"wp:term":[{"taxonomy":"product_brand","embeddable":true,"href":"https:\/\/www.audacieuse-galerie.ch\/de\/wp-json\/wp\/v2\/product_brand?post=68844"},{"taxonomy":"product_cat","embeddable":true,"href":"https:\/\/www.audacieuse-galerie.ch\/de\/wp-json\/wp\/v2\/product_cat?post=68844"},{"taxonomy":"product_tag","embeddable":true,"href":"https:\/\/www.audacieuse-galerie.ch\/de\/wp-json\/wp\/v2\/product_tag?post=68844"}],"curies":[{"name":"wp","href":"https:\/\/api.w.org\/{rel}","templated":true}]}}